{"id":8473,"date":"2022-02-01T20:19:38","date_gmt":"2022-02-01T20:19:38","guid":{"rendered":"http:\/\/decoloso.ual.es\/?page_id=8473"},"modified":"2023-04-25T10:31:00","modified_gmt":"2023-04-25T10:31:00","slug":"experiencias-de-antiguos-alumnos","status":"publish","type":"page","link":"http:\/\/decoloso.ual.es\/?page_id=8473","title":{"rendered":"Experiencias de antiguos alumnos"},"content":{"rendered":"\t\t<div data-elementor-type=\"wp-page\" data-elementor-id=\"8473\" class=\"elementor elementor-8473\" data-elementor-settings=\"[]\">\n\t\t\t\t\t\t\t<div class=\"elementor-section-wrap\">\n\t\t\t\t\t\t\t<section class=\"elementor-section elementor-top-section elementor-element elementor-element-3f8f42b elementor-section-boxed elementor-section-height-default elementor-section-height-default\" data-id=\"3f8f42b\" data-element_type=\"section\">\n\t\t\t\t\t\t<div class=\"elementor-container elementor-column-gap-default\">\n\t\t\t\t\t<div class=\"elementor-column elementor-col-100 elementor-top-column elementor-element elementor-element-d0b3d22 column-style-top\" data-id=\"d0b3d22\" data-element_type=\"column\">\n\t\t\t<div class=\"elementor-widget-wrap elementor-element-populated\">\n\t\t\t\t\t\t\t\t<div class=\"elementor-element elementor-element-0dbdccb elementor-widget elementor-widget-heading\" data-id=\"0dbdccb\" data-element_type=\"widget\" data-widget_type=\"heading.default\">\n\t\t\t\t<div class=\"elementor-widget-container\">\n\t\t\t<style>\/*! elementor - v3.5.4 - 23-01-2022 *\/\n.elementor-heading-title{padding:0;margin:0;line-height:1}.elementor-widget-heading .elementor-heading-title[class*=elementor-size-]>a{color:inherit;font-size:inherit;line-height:inherit}.elementor-widget-heading .elementor-heading-title.elementor-size-small{font-size:15px}.elementor-widget-heading .elementor-heading-title.elementor-size-medium{font-size:19px}.elementor-widget-heading .elementor-heading-title.elementor-size-large{font-size:29px}.elementor-widget-heading .elementor-heading-title.elementor-size-xl{font-size:39px}.elementor-widget-heading .elementor-heading-title.elementor-size-xxl{font-size:59px}<\/style><h2 class=\"elementor-heading-title elementor-size-default\">\nExperiencias de antiguos alumnos\n<\/h2>\t\t<\/div>\n\t\t\t\t<\/div>\n\t\t\t\t<div class=\"elementor-element elementor-element-ea4829e elementor-widget-divider--view-line elementor-widget elementor-widget-divider\" data-id=\"ea4829e\" data-element_type=\"widget\" data-widget_type=\"divider.default\">\n\t\t\t\t<div class=\"elementor-widget-container\">\n\t\t\t<style>\/*! elementor - v3.5.4 - 23-01-2022 *\/\n.elementor-widget-divider{--divider-border-style:none;--divider-border-width:1px;--divider-color:#2c2c2c;--divider-icon-size:20px;--divider-element-spacing:10px;--divider-pattern-height:24px;--divider-pattern-size:20px;--divider-pattern-url:none;--divider-pattern-repeat:repeat-x}.elementor-widget-divider .elementor-divider{display:-webkit-box;display:-ms-flexbox;display:flex}.elementor-widget-divider .elementor-divider__text{font-size:15px;line-height:1;max-width:95%}.elementor-widget-divider .elementor-divider__element{margin:0 var(--divider-element-spacing);-ms-flex-negative:0;flex-shrink:0}.elementor-widget-divider .elementor-icon{font-size:var(--divider-icon-size)}.elementor-widget-divider .elementor-divider-separator{display:-webkit-box;display:-ms-flexbox;display:flex;margin:0;direction:ltr}.elementor-widget-divider--view-line_icon .elementor-divider-separator,.elementor-widget-divider--view-line_text .elementor-divider-separator{-webkit-box-align:center;-ms-flex-align:center;align-items:center}.elementor-widget-divider--view-line_icon .elementor-divider-separator:after,.elementor-widget-divider--view-line_icon .elementor-divider-separator:before,.elementor-widget-divider--view-line_text .elementor-divider-separator:after,.elementor-widget-divider--view-line_text .elementor-divider-separator:before{display:block;content:\"\";border-bottom:0;-webkit-box-flex:1;-ms-flex-positive:1;flex-grow:1;border-top:var(--divider-border-width) var(--divider-border-style) var(--divider-color)}.elementor-widget-divider--element-align-left .elementor-divider .elementor-divider-separator>.elementor-divider__svg:first-of-type{-webkit-box-flex:0;-ms-flex-positive:0;flex-grow:0;-ms-flex-negative:100;flex-shrink:100}.elementor-widget-divider--element-align-left .elementor-divider-separator:before{content:none}.elementor-widget-divider--element-align-left .elementor-divider__element{margin-left:0}.elementor-widget-divider--element-align-right .elementor-divider .elementor-divider-separator>.elementor-divider__svg:last-of-type{-webkit-box-flex:0;-ms-flex-positive:0;flex-grow:0;-ms-flex-negative:100;flex-shrink:100}.elementor-widget-divider--element-align-right .elementor-divider-separator:after{content:none}.elementor-widget-divider--element-align-right .elementor-divider__element{margin-right:0}.elementor-widget-divider:not(.elementor-widget-divider--view-line_text):not(.elementor-widget-divider--view-line_icon) .elementor-divider-separator{border-top:var(--divider-border-width) var(--divider-border-style) var(--divider-color)}.elementor-widget-divider--separator-type-pattern{--divider-border-style:none}.elementor-widget-divider--separator-type-pattern.elementor-widget-divider--view-line .elementor-divider-separator,.elementor-widget-divider--separator-type-pattern:not(.elementor-widget-divider--view-line) .elementor-divider-separator:after,.elementor-widget-divider--separator-type-pattern:not(.elementor-widget-divider--view-line) .elementor-divider-separator:before,.elementor-widget-divider--separator-type-pattern:not([class*=elementor-widget-divider--view]) .elementor-divider-separator{width:100%;min-height:var(--divider-pattern-height);-webkit-mask-size:var(--divider-pattern-size) 100%;mask-size:var(--divider-pattern-size) 100%;-webkit-mask-repeat:var(--divider-pattern-repeat);mask-repeat:var(--divider-pattern-repeat);background-color:var(--divider-color);-webkit-mask-image:var(--divider-pattern-url);mask-image:var(--divider-pattern-url)}.elementor-widget-divider--no-spacing{--divider-pattern-size:auto}.elementor-widget-divider--bg-round{--divider-pattern-repeat:round}.rtl .elementor-widget-divider .elementor-divider__text{direction:rtl}<\/style>\t\t<div class=\"elementor-divider\">\n\t\t\t<span class=\"elementor-divider-separator\">\n\t\t\t\t\t\t<\/span>\n\t\t<\/div>\n\t\t\t\t<\/div>\n\t\t\t\t<\/div>\n\t\t\t\t\t<\/div>\n\t\t<\/div>\n\t\t\t\t\t\t\t<\/div>\n\t\t<\/section>\n\t\t\t\t<section class=\"elementor-section elementor-top-section elementor-element elementor-element-51c8145 elementor-section-boxed elementor-section-height-default elementor-section-height-default\" data-id=\"51c8145\" data-element_type=\"section\">\n\t\t\t\t\t\t<div class=\"elementor-container elementor-column-gap-default\">\n\t\t\t\t\t<div class=\"elementor-column elementor-col-50 elementor-top-column elementor-element elementor-element-bb831a7 column-style-top\" data-id=\"bb831a7\" data-element_type=\"column\">\n\t\t\t<div class=\"elementor-widget-wrap elementor-element-populated\">\n\t\t\t\t\t\t\t\t<div class=\"elementor-element elementor-element-393aca7 elementor-widget elementor-widget-heading\" data-id=\"393aca7\" data-element_type=\"widget\" data-widget_type=\"heading.default\">\n\t\t\t\t<div class=\"elementor-widget-container\">\n\t\t\t<h2 class=\"elementor-heading-title elementor-size-default\">\nCarmen - I Edici\u00f3n\n<\/h2>\t\t<\/div>\n\t\t\t\t<\/div>\n\t\t\t\t<div class=\"elementor-element elementor-element-e736e54 elementor-widget elementor-widget-image\" data-id=\"e736e54\" data-element_type=\"widget\" data-widget_type=\"image.default\">\n\t\t\t\t<div class=\"elementor-widget-container\">\n\t\t\t<style>\/*! elementor - v3.5.4 - 23-01-2022 *\/\n.elementor-widget-image{text-align:center}.elementor-widget-image a{display:inline-block}.elementor-widget-image a img[src$=\".svg\"]{width:48px}.elementor-widget-image img{vertical-align:middle;display:inline-block}<\/style>\t\t\t\t\t\t\t\t\t\t\t\t<img loading=\"lazy\" decoding=\"async\" width=\"754\" height=\"754\" src=\"http:\/\/decoloso.ual.es\/wp-content\/uploads\/2022\/01\/experiencia-1.jpg\" class=\"attachment-large size-large\" alt=\"\" \/>\t\t\t\t\t\t\t\t\t\t\t\t\t\t\t<\/div>\n\t\t\t\t<\/div>\n\t\t\t\t\t<\/div>\n\t\t<\/div>\n\t\t\t\t<div class=\"elementor-column elementor-col-50 elementor-top-column elementor-element elementor-element-b58fa46 column-style-top\" data-id=\"b58fa46\" data-element_type=\"column\">\n\t\t\t<div class=\"elementor-widget-wrap elementor-element-populated\">\n\t\t\t\t\t\t\t\t<div class=\"elementor-element elementor-element-ecc6058 elementor-widget elementor-widget-text-editor\" data-id=\"ecc6058\" data-element_type=\"widget\" data-widget_type=\"text-editor.default\">\n\t\t\t\t<div class=\"elementor-widget-container\">\n\t\t\t<style>\/*! elementor - v3.5.4 - 23-01-2022 *\/\n.elementor-widget-text-editor.elementor-drop-cap-view-stacked .elementor-drop-cap{background-color:#818a91;color:#fff}.elementor-widget-text-editor.elementor-drop-cap-view-framed .elementor-drop-cap{color:#818a91;border:3px solid;background-color:transparent}.elementor-widget-text-editor:not(.elementor-drop-cap-view-default) .elementor-drop-cap{margin-top:8px}.elementor-widget-text-editor:not(.elementor-drop-cap-view-default) .elementor-drop-cap-letter{width:1em;height:1em}.elementor-widget-text-editor .elementor-drop-cap{float:left;text-align:center;line-height:1;font-size:50px}.elementor-widget-text-editor .elementor-drop-cap-letter{display:inline-block}<\/style>\t\t\t\t<p style=\"text-align: justify;\">La experiencia de pertenecer al m\u00e1ster de Desarrollo y Codesarrollo Local Sostenible fue muy gratificante y super\u00f3 mis expectativas. Mi vida laboral se encontraba cubierta en ese momento con un trabajo a tiempo completo como t\u00e9cnica, pero necesitaba completar mi formaci\u00f3n con otro tipo de experiencias que no fueran tan espec\u00edficas como las que ya hab\u00eda estudiado, una ingenier\u00eda t\u00e9cnica y una licenciatura. As\u00ed eleg\u00ed este m\u00e1ster que parec\u00eda me aportar\u00eda experiencia investigadora adem\u00e1s de conocimientos transversales en desarrollo y codesarrollo aplicables a los estudios que ya hab\u00eda realizado, y no me equivoqu\u00e9.<\/p><p style=\"text-align: justify;\">Al ser semipresencial me permit\u00eda continuar mi vida laboral con normalidad, a la vez que completaba mis conocimientos, especialmente en investigaci\u00f3n. Tambi\u00e9n me ayud\u00f3 a perder el miedo esc\u00e9nico, pues todos los alumnos \u00e9ramos parte activa en las clases, muy participativas. Los trabajos en grupo te obligaban a poner en com\u00fan las perspectivas de cada uno de los componentes y a poner en valor sus experiencias vividas en cada campo. Se realizaron varias salidas por la provincia para vivirlo y no solo estudiarlo en clase, lo cual refuerza los conocimientos, y clases o conferencias por parte de expertos en cada campo del m\u00e1ster muy interesantes.<\/p><p style=\"text-align: justify;\">A nivel personal fue muy enriquecedor, pues al menos en mi curso, est\u00e1bamos alumnos de varias nacionalidades, con lo cual todos aportaban su visi\u00f3n desde la experiencia vivida en su pa\u00eds. Fuera de clase tambi\u00e9n se crearon sinergias entre los alumnos perdurando hasta el d\u00eda de hoy.<\/p><p style=\"text-align: justify;\">Gracias a haber estudiado el m\u00e1ster, me permiti\u00f3 volver a estar en contacto con la Universidad de Almer\u00eda y sus profesores, anim\u00e1ndome as\u00ed a realizar el doctorado, que es en lo que estoy inmersa actualmente, y no puedo estar m\u00e1s contenta.<\/p>\t\t\t\t\t\t<\/div>\n\t\t\t\t<\/div>\n\t\t\t\t\t<\/div>\n\t\t<\/div>\n\t\t\t\t\t\t\t<\/div>\n\t\t<\/section>\n\t\t\t\t<section class=\"elementor-section elementor-top-section elementor-element elementor-element-9dee16c elementor-section-boxed elementor-section-height-default elementor-section-height-default\" data-id=\"9dee16c\" data-element_type=\"section\">\n\t\t\t\t\t\t<div class=\"elementor-container elementor-column-gap-default\">\n\t\t\t\t\t<div class=\"elementor-column elementor-col-100 elementor-top-column elementor-element elementor-element-5d97b6c column-style-top\" data-id=\"5d97b6c\" data-element_type=\"column\">\n\t\t\t<div class=\"elementor-widget-wrap elementor-element-populated\">\n\t\t\t\t\t\t\t\t<div class=\"elementor-element elementor-element-9d8eafd elementor-widget-divider--view-line elementor-widget elementor-widget-divider\" data-id=\"9d8eafd\" data-element_type=\"widget\" data-widget_type=\"divider.default\">\n\t\t\t\t<div class=\"elementor-widget-container\">\n\t\t\t\t\t<div class=\"elementor-divider\">\n\t\t\t<span class=\"elementor-divider-separator\">\n\t\t\t\t\t\t<\/span>\n\t\t<\/div>\n\t\t\t\t<\/div>\n\t\t\t\t<\/div>\n\t\t\t\t\t<\/div>\n\t\t<\/div>\n\t\t\t\t\t\t\t<\/div>\n\t\t<\/section>\n\t\t\t\t<section class=\"elementor-section elementor-top-section elementor-element elementor-element-ca35cc2 elementor-section-boxed elementor-section-height-default elementor-section-height-default\" data-id=\"ca35cc2\" data-element_type=\"section\">\n\t\t\t\t\t\t<div class=\"elementor-container elementor-column-gap-default\">\n\t\t\t\t\t<div class=\"elementor-column elementor-col-50 elementor-top-column elementor-element elementor-element-d4b42da column-style-top\" data-id=\"d4b42da\" data-element_type=\"column\">\n\t\t\t<div class=\"elementor-widget-wrap elementor-element-populated\">\n\t\t\t\t\t\t\t\t<div class=\"elementor-element elementor-element-58ff22d elementor-widget elementor-widget-text-editor\" data-id=\"58ff22d\" data-element_type=\"widget\" data-widget_type=\"text-editor.default\">\n\t\t\t\t<div class=\"elementor-widget-container\">\n\t\t\t\t\t\t\t<p style=\"text-align: justify;\">Estudi\u00e9 econom\u00eda en la Universidad Nacional de Colombia y en el periodo 2016-2017 tom\u00e9 la decisi\u00f3n de cursar el M\u00e1ster en Desarrollo y Codesarrollo Local Sostenible de la Universidad de Almer\u00eda. El reconocimiento de la Universidad, el curr\u00edculo del programa, el adquirir experiencia internacional y la adjudicaci\u00f3n de la beca de matr\u00edcula y sostenimiento por parte de la AUIP y la Universidad de Almer\u00eda, fueron algunas de las razones que, acertadamente, definieron mi decisi\u00f3n.<\/p><p style=\"text-align: justify;\">A nivel acad\u00e9mico, es un programa bien estructurado y que goza de alta calidad docente, permitiendo desarrollar en sus estudiantes habilidades y aptitudes frente a la vida acad\u00e9mica y profesional. Adem\u00e1s, combina clases magistrales, pr\u00e1cticas y de discusi\u00f3n en un entorno propicio para el aprendizaje. Finalmente, y no menos importante, sienta las bases para forjar s\u00f3lidas carreras en el \u00e1mbito de la investigaci\u00f3n, permitiendo el acceso a los programas de doctorado y combinando herramientas t\u00e9cnicas, te\u00f3ricas y pr\u00e1cticas.<\/p><p style=\"text-align: justify;\">En cuesti\u00f3n de oportunidades, el M\u00e1ster te brinda diferentes oportunidades para realizar pr\u00e1cticas o concursar por becas de estudios, movilidad acad\u00e9mica, formaci\u00f3n y emprendimiento. A nivel personal, disfrut\u00e9 de la beca Open Future de emprendimiento, fui becario en la Editorial de la Universidad de Almer\u00eda y realic\u00e9 una estancia de investigaci\u00f3n en la Universidad Nacional del Sur (Argentina) gracias a una beca de movilidad de la AUIP y la Universidad de Almer\u00eda.<\/p><p style=\"text-align: justify;\">Al regresar a mi pa\u00eds pude emplearme f\u00e1cilmente, hoy trabajo en la Direcci\u00f3n de Asuntos P\u00fablicos y Regulatorios de Telef\u00f3nica Colombia. Contin\u00fao activo en el campo de la investigaci\u00f3n y la academia, sigo asistiendo a cursos, seminarios y congresos, adem\u00e1s, publico art\u00edculos cient\u00edficos y de opini\u00f3n en el \u00e1mbito nacional e internacional. Por \u00faltimo, desarrollo mi propuesta de trabajo doctoral para regresar a la Universidad de Almer\u00eda, con la convicci\u00f3n de que la formaci\u00f3n y experiencias ayudar\u00e1n en mi desarrollo personal, acad\u00e9mico y profesional.<\/p>\t\t\t\t\t\t<\/div>\n\t\t\t\t<\/div>\n\t\t\t\t\t<\/div>\n\t\t<\/div>\n\t\t\t\t<div class=\"elementor-column elementor-col-50 elementor-top-column elementor-element elementor-element-1a7d885 column-style-top\" data-id=\"1a7d885\" data-element_type=\"column\">\n\t\t\t<div class=\"elementor-widget-wrap elementor-element-populated\">\n\t\t\t\t\t\t\t\t<div class=\"elementor-element elementor-element-45eb5af elementor-widget elementor-widget-heading\" data-id=\"45eb5af\" data-element_type=\"widget\" data-widget_type=\"heading.default\">\n\t\t\t\t<div class=\"elementor-widget-container\">\n\t\t\t<h2 class=\"elementor-heading-title elementor-size-default\">\nJuan - II Edici\u00f3n\n<\/h2>\t\t<\/div>\n\t\t\t\t<\/div>\n\t\t\t\t<div class=\"elementor-element elementor-element-ac2f44f elementor-widget elementor-widget-image\" data-id=\"ac2f44f\" data-element_type=\"widget\" data-widget_type=\"image.default\">\n\t\t\t\t<div class=\"elementor-widget-container\">\n\t\t\t\t\t\t\t\t\t\t\t\t\t\t\t<img loading=\"lazy\" decoding=\"async\" width=\"640\" height=\"427\" src=\"http:\/\/decoloso.ual.es\/wp-content\/uploads\/2022\/01\/experiencia-5.jpg\" class=\"attachment-large size-large\" alt=\"\" \/>\t\t\t\t\t\t\t\t\t\t\t\t\t\t\t<\/div>\n\t\t\t\t<\/div>\n\t\t\t\t\t<\/div>\n\t\t<\/div>\n\t\t\t\t\t\t\t<\/div>\n\t\t<\/section>\n\t\t\t\t<section class=\"elementor-section elementor-top-section elementor-element elementor-element-ddb0642 elementor-section-boxed elementor-section-height-default elementor-section-height-default\" data-id=\"ddb0642\" data-element_type=\"section\">\n\t\t\t\t\t\t<div class=\"elementor-container elementor-column-gap-default\">\n\t\t\t\t\t<div class=\"elementor-column elementor-col-100 elementor-top-column elementor-element elementor-element-e1e6d8d column-style-top\" data-id=\"e1e6d8d\" data-element_type=\"column\">\n\t\t\t<div class=\"elementor-widget-wrap elementor-element-populated\">\n\t\t\t\t\t\t\t\t<div class=\"elementor-element elementor-element-5185c78 elementor-widget-divider--view-line elementor-widget elementor-widget-divider\" data-id=\"5185c78\" data-element_type=\"widget\" data-widget_type=\"divider.default\">\n\t\t\t\t<div class=\"elementor-widget-container\">\n\t\t\t\t\t<div class=\"elementor-divider\">\n\t\t\t<span class=\"elementor-divider-separator\">\n\t\t\t\t\t\t<\/span>\n\t\t<\/div>\n\t\t\t\t<\/div>\n\t\t\t\t<\/div>\n\t\t\t\t\t<\/div>\n\t\t<\/div>\n\t\t\t\t\t\t\t<\/div>\n\t\t<\/section>\n\t\t\t\t<section class=\"elementor-section elementor-top-section elementor-element elementor-element-2c24f5e elementor-section-boxed elementor-section-height-default elementor-section-height-default\" data-id=\"2c24f5e\" data-element_type=\"section\">\n\t\t\t\t\t\t<div class=\"elementor-container elementor-column-gap-default\">\n\t\t\t\t\t<div class=\"elementor-column elementor-col-50 elementor-top-column elementor-element elementor-element-a79d106 column-style-top\" data-id=\"a79d106\" data-element_type=\"column\">\n\t\t\t<div class=\"elementor-widget-wrap elementor-element-populated\">\n\t\t\t\t\t\t\t\t<div class=\"elementor-element elementor-element-cdaa3d8 elementor-widget elementor-widget-heading\" data-id=\"cdaa3d8\" data-element_type=\"widget\" data-widget_type=\"heading.default\">\n\t\t\t\t<div class=\"elementor-widget-container\">\n\t\t\t<h2 class=\"elementor-heading-title elementor-size-default\">\nRoc\u00edo - II Edici\u00f3n\n<\/h2>\t\t<\/div>\n\t\t\t\t<\/div>\n\t\t\t\t<div class=\"elementor-element elementor-element-6ae41a8 elementor-widget elementor-widget-image\" data-id=\"6ae41a8\" data-element_type=\"widget\" data-widget_type=\"image.default\">\n\t\t\t\t<div class=\"elementor-widget-container\">\n\t\t\t\t\t\t\t\t\t\t\t\t\t\t\t<img loading=\"lazy\" decoding=\"async\" width=\"396\" height=\"378\" src=\"http:\/\/decoloso.ual.es\/wp-content\/uploads\/2022\/01\/experiencia-3.jpg\" class=\"attachment-large size-large\" alt=\"\" \/>\t\t\t\t\t\t\t\t\t\t\t\t\t\t\t<\/div>\n\t\t\t\t<\/div>\n\t\t\t\t<div class=\"elementor-element elementor-element-49bbb23 elementor-widget-divider--view-line elementor-widget elementor-widget-divider\" data-id=\"49bbb23\" data-element_type=\"widget\" data-widget_type=\"divider.default\">\n\t\t\t\t<div class=\"elementor-widget-container\">\n\t\t\t\t\t<div class=\"elementor-divider\">\n\t\t\t<span class=\"elementor-divider-separator\">\n\t\t\t\t\t\t<\/span>\n\t\t<\/div>\n\t\t\t\t<\/div>\n\t\t\t\t<\/div>\n\t\t\t\t<div class=\"elementor-element elementor-element-f46b5f1 elementor-widget elementor-widget-text-editor\" data-id=\"f46b5f1\" data-element_type=\"widget\" data-widget_type=\"text-editor.default\">\n\t\t\t\t<div class=\"elementor-widget-container\">\n\t\t\t\t\t\t\t<div class=\"wpb_text_column wpb_content_element  vc_custom_1522049446213\"><div class=\"wpb_wrapper\"><p><a href=\"http:\/\/www.sustaint.eu\/\">Sustain-T Project<\/a><br \/><a href=\"http:\/\/www.unsa.edu.ar\/web\/index.php\">Universidad Nacional de Salta<\/a><br \/><a href=\"https:\/\/andalucia.openfuture.org\/becas-postgrado\/\">Becas\u00a0Open Future<\/a><\/p><\/div><\/div>\t\t\t\t\t\t<\/div>\n\t\t\t\t<\/div>\n\t\t\t\t\t<\/div>\n\t\t<\/div>\n\t\t\t\t<div class=\"elementor-column elementor-col-50 elementor-top-column elementor-element elementor-element-dcfac32 column-style-top\" data-id=\"dcfac32\" data-element_type=\"column\">\n\t\t\t<div class=\"elementor-widget-wrap elementor-element-populated\">\n\t\t\t\t\t\t\t\t<div class=\"elementor-element elementor-element-2ff424b elementor-widget elementor-widget-text-editor\" data-id=\"2ff424b\" data-element_type=\"widget\" data-widget_type=\"text-editor.default\">\n\t\t\t\t<div class=\"elementor-widget-container\">\n\t\t\t\t\t\t\t<p style=\"text-align: justify;\">Estudi\u00e9 el M\u00e1ster en Desarrollo y Codesarrollo Local Sostenible en el curso 2016-2017. Yo ven\u00eda de una formaci\u00f3n en ingenier\u00eda t\u00e9cnica aeron\u00e1utica y un m\u00e1ster en Energ\u00edas Renovables y Medio Ambiente. Aunque hab\u00eda dedicado gran parte de mi actividad profesional al dise\u00f1o aeron\u00e1utico, en 2015 me orient\u00e9 hacia el campo de la cooperaci\u00f3n y el desarrollo local. As\u00ed fue como me di cuenta de que ese mundo me apasionaba y por ello, decid\u00ed formarme espec\u00edficamente en este campo.<\/p><p style=\"text-align: justify;\">El M\u00e1ster en Desarrollo y Codesarrollo Local Sostenible de la Universidad de Almer\u00eda me sorprendi\u00f3 gratamente ya que me suministr\u00f3 herramientas que desconoc\u00eda, un entorno multidisciplinar, la oportunidad de realizar pr\u00e1cticas en comunidades locales, el contexto ideal para trabajar en grupo y creo que todos los alumnos pudimos experimentar el trabajo colaborativo desde el primer d\u00eda.<\/p><p style=\"text-align: justify;\">Adem\u00e1s, como actividad complementaria al m\u00e1ster y con relaci\u00f3n al mismo, fui premiada con la beca Open Future al igual que otros de mis compa\u00f1eros.<\/p><p style=\"text-align: justify;\">Se trata de un m\u00e1ster exigente en entregas, investigaci\u00f3n y exposiciones, pero todo ello sirve para reforzar los conocimientos y aprender. Personalmente, estoy muy contenta de haber formado parte del mismo.<\/p><p style=\"text-align: justify;\">En la actualidad, me encuentro realizando mi PhD en desarrollo local. Adem\u00e1s, gracias al m\u00e1ster, pude optar a la beca SUSTAIN-T (beca erasmus mundus enmarcada en el \u00e1mbito del desarrollo sostenible), la cual me est\u00e1 permitiendo realizar una estancia de investigaci\u00f3n en la Universidad Nacional de Salta (Argentina).<\/p>\t\t\t\t\t\t<\/div>\n\t\t\t\t<\/div>\n\t\t\t\t\t<\/div>\n\t\t<\/div>\n\t\t\t\t\t\t\t<\/div>\n\t\t<\/section>\n\t\t\t\t<section class=\"elementor-section elementor-top-section elementor-element elementor-element-f1c6e1f elementor-section-boxed elementor-section-height-default elementor-section-height-default\" data-id=\"f1c6e1f\" data-element_type=\"section\">\n\t\t\t\t\t\t<div class=\"elementor-container elementor-column-gap-default\">\n\t\t\t\t\t<div class=\"elementor-column elementor-col-100 elementor-top-column elementor-element elementor-element-8b8e5e0 column-style-top\" data-id=\"8b8e5e0\" data-element_type=\"column\">\n\t\t\t<div class=\"elementor-widget-wrap elementor-element-populated\">\n\t\t\t\t\t\t\t\t<div class=\"elementor-element elementor-element-05d7964 elementor-widget-divider--view-line elementor-widget elementor-widget-divider\" data-id=\"05d7964\" data-element_type=\"widget\" data-widget_type=\"divider.default\">\n\t\t\t\t<div class=\"elementor-widget-container\">\n\t\t\t\t\t<div class=\"elementor-divider\">\n\t\t\t<span class=\"elementor-divider-separator\">\n\t\t\t\t\t\t<\/span>\n\t\t<\/div>\n\t\t\t\t<\/div>\n\t\t\t\t<\/div>\n\t\t\t\t\t<\/div>\n\t\t<\/div>\n\t\t\t\t\t\t\t<\/div>\n\t\t<\/section>\n\t\t\t\t<section class=\"elementor-section elementor-top-section elementor-element elementor-element-13ef146 elementor-section-boxed elementor-section-height-default elementor-section-height-default\" data-id=\"13ef146\" data-element_type=\"section\">\n\t\t\t\t\t\t<div class=\"elementor-container elementor-column-gap-default\">\n\t\t\t\t\t<div class=\"elementor-column elementor-col-50 elementor-top-column elementor-element elementor-element-aee1429 column-style-top\" data-id=\"aee1429\" data-element_type=\"column\">\n\t\t\t<div class=\"elementor-widget-wrap elementor-element-populated\">\n\t\t\t\t\t\t\t\t<div class=\"elementor-element elementor-element-f0f8c6c elementor-widget elementor-widget-text-editor\" data-id=\"f0f8c6c\" data-element_type=\"widget\" data-widget_type=\"text-editor.default\">\n\t\t\t\t<div class=\"elementor-widget-container\">\n\t\t\t\t\t\t\t<p style=\"text-align: justify;\">Soy de Nacionalidad Peruana, vengo de una formaci\u00f3n de Licenciatura en F\u00edsica (Per\u00fa), dediqu\u00e9 gran parte de mi vida profesional a especializarme en F\u00edsica de Materiales, Nanotecnolog\u00eda, Nanomedicina y F\u00edsica M\u00e9dica; sin embargo desde mi estudio de grado me vincul\u00e9 a investigar a fondo en el \u00e1rea de F\u00edsica de Energ\u00edas No Convencionales (Energ\u00edas Renovables), es as\u00ed como surgi\u00f3 el gran inter\u00e9s por ligarme m\u00e1s al desarrollo de proyectos sostenibles en Per\u00fa, una fascinante alternativa de aplicar mis conocimientos al desarrollo sostenible de diversos pueblos, trayendo consigo el inter\u00e9s por buscar un m\u00e1ster el cual constituya un entorno multidisciplinar y me provea de s\u00f3lidos conocimientos en el \u00e1mbito. El M\u00e1ster en Desarrollo y Codesarrollo Local Sostenible en la Universidad de Almer\u00eda cumpl\u00eda con todos esos requisitos el cual buscaba, a su vez el entorno geogr\u00e1fico y calidad acad\u00e9mica completaron la decisi\u00f3n, es as\u00ed como decid\u00ed estudiar el postgrado antes mencionado en el curso 2016-2017, logrando sobrepasar mis expectativas acad\u00e9micas y cient\u00edficas.<\/p><p style=\"text-align: justify;\">El m\u00e1ster me dio la oportunidad de concursar en una convocatoria de becas las cuales cubren el 90% de los costos acad\u00e9micos, siendo finalmente beneficiado, estas becas son organizadas por la Junta de Andaluc\u00eda, la Fundaci\u00f3n Telef\u00f3nica y la Universidad de Almer\u00eda (Becas Open Future).<\/p><p style=\"text-align: justify;\">Personalmente estoy bastante satisfecho con las ense\u00f1anzas brindadas, la calidad acad\u00e9mica, y el entorno, siendo Almer\u00eda un lugar ideal.<\/p><p style=\"text-align: justify;\">En la actualidad me encuentro laborando como Docente Investigador en una Universidad Privada e Investigador de proyectos financiados por el Gobierno Peruano (Ministerio de la Producci\u00f3n, y Consejo Nacional de Ciencia y Tecnolog\u00eda); as\u00ed mismo desarrollando investigaci\u00f3n de tesis Doctoral en Ingenier\u00eda Industrial (Universidad de Almer\u00eda).<\/p>\t\t\t\t\t\t<\/div>\n\t\t\t\t<\/div>\n\t\t\t\t\t<\/div>\n\t\t<\/div>\n\t\t\t\t<div class=\"elementor-column elementor-col-50 elementor-top-column elementor-element elementor-element-c69a6cb column-style-top\" data-id=\"c69a6cb\" data-element_type=\"column\">\n\t\t\t<div class=\"elementor-widget-wrap elementor-element-populated\">\n\t\t\t\t\t\t\t\t<div class=\"elementor-element elementor-element-9e38163 elementor-widget elementor-widget-heading\" data-id=\"9e38163\" data-element_type=\"widget\" data-widget_type=\"heading.default\">\n\t\t\t\t<div class=\"elementor-widget-container\">\n\t\t\t<h2 class=\"elementor-heading-title elementor-size-default\">\nDavid - II Edici\u00f3n\n\n<\/h2>\t\t<\/div>\n\t\t\t\t<\/div>\n\t\t\t\t<div class=\"elementor-element elementor-element-0c339dc elementor-widget elementor-widget-image\" data-id=\"0c339dc\" data-element_type=\"widget\" data-widget_type=\"image.default\">\n\t\t\t\t<div class=\"elementor-widget-container\">\n\t\t\t\t\t\t\t\t\t\t\t\t\t\t\t<img loading=\"lazy\" decoding=\"async\" width=\"504\" height=\"445\" src=\"http:\/\/decoloso.ual.es\/wp-content\/uploads\/2022\/01\/experiencia-2-1024x615-1-e1643497390944.jpg\" class=\"attachment-large size-large\" alt=\"\" \/>\t\t\t\t\t\t\t\t\t\t\t\t\t\t\t<\/div>\n\t\t\t\t<\/div>\n\t\t\t\t<div class=\"elementor-element elementor-element-e8eb81c elementor-widget-divider--view-line elementor-widget elementor-widget-divider\" data-id=\"e8eb81c\" data-element_type=\"widget\" data-widget_type=\"divider.default\">\n\t\t\t\t<div class=\"elementor-widget-container\">\n\t\t\t\t\t<div class=\"elementor-divider\">\n\t\t\t<span class=\"elementor-divider-separator\">\n\t\t\t\t\t\t<\/span>\n\t\t<\/div>\n\t\t\t\t<\/div>\n\t\t\t\t<\/div>\n\t\t\t\t<div class=\"elementor-element elementor-element-d50a448 elementor-widget elementor-widget-text-editor\" data-id=\"d50a448\" data-element_type=\"widget\" data-widget_type=\"text-editor.default\">\n\t\t\t\t<div class=\"elementor-widget-container\">\n\t\t\t\t\t\t\t<p><a href=\"https:\/\/dina.concytec.gob.pe\/appDirectorioCTI\/VerDatosInvestigador.do?id_investigador=17627\">Directorio Nacional de Investigadores e Innovadores<\/a><\/p>\t\t\t\t\t\t<\/div>\n\t\t\t\t<\/div>\n\t\t\t\t\t<\/div>\n\t\t<\/div>\n\t\t\t\t\t\t\t<\/div>\n\t\t<\/section>\n\t\t\t\t<section class=\"elementor-section elementor-top-section elementor-element elementor-element-e46591d elementor-section-boxed elementor-section-height-default elementor-section-height-default\" data-id=\"e46591d\" data-element_type=\"section\">\n\t\t\t\t\t\t<div class=\"elementor-container elementor-column-gap-default\">\n\t\t\t\t\t<div class=\"elementor-column elementor-col-100 elementor-top-column elementor-element elementor-element-d33e22d column-style-top\" data-id=\"d33e22d\" data-element_type=\"column\">\n\t\t\t<div class=\"elementor-widget-wrap elementor-element-populated\">\n\t\t\t\t\t\t\t\t<div class=\"elementor-element elementor-element-fdd3021 elementor-widget-divider--view-line elementor-widget elementor-widget-divider\" data-id=\"fdd3021\" data-element_type=\"widget\" data-widget_type=\"divider.default\">\n\t\t\t\t<div class=\"elementor-widget-container\">\n\t\t\t\t\t<div class=\"elementor-divider\">\n\t\t\t<span class=\"elementor-divider-separator\">\n\t\t\t\t\t\t<\/span>\n\t\t<\/div>\n\t\t\t\t<\/div>\n\t\t\t\t<\/div>\n\t\t\t\t\t<\/div>\n\t\t<\/div>\n\t\t\t\t\t\t\t<\/div>\n\t\t<\/section>\n\t\t\t\t<section class=\"elementor-section elementor-top-section elementor-element elementor-element-7003708 elementor-section-boxed elementor-section-height-default elementor-section-height-default\" data-id=\"7003708\" data-element_type=\"section\">\n\t\t\t\t\t\t<div class=\"elementor-container elementor-column-gap-default\">\n\t\t\t\t\t<div class=\"elementor-column elementor-col-50 elementor-top-column elementor-element elementor-element-67a6350 column-style-top\" data-id=\"67a6350\" data-element_type=\"column\">\n\t\t\t<div class=\"elementor-widget-wrap elementor-element-populated\">\n\t\t\t\t\t\t\t\t<div class=\"elementor-element elementor-element-3fdaeb3 elementor-widget elementor-widget-heading\" data-id=\"3fdaeb3\" data-element_type=\"widget\" data-widget_type=\"heading.default\">\n\t\t\t\t<div class=\"elementor-widget-container\">\n\t\t\t<h2 class=\"elementor-heading-title elementor-size-default\">\nJuan - I Edici\u00f3n\n<\/h2>\t\t<\/div>\n\t\t\t\t<\/div>\n\t\t\t\t<div class=\"elementor-element elementor-element-34ea050 elementor-widget elementor-widget-image\" data-id=\"34ea050\" data-element_type=\"widget\" data-widget_type=\"image.default\">\n\t\t\t\t<div class=\"elementor-widget-container\">\n\t\t\t\t\t\t\t\t\t\t\t\t\t\t\t<img loading=\"lazy\" decoding=\"async\" width=\"295\" height=\"374\" src=\"http:\/\/decoloso.ual.es\/wp-content\/uploads\/2022\/01\/Experiencia-4.jpg\" class=\"attachment-large size-large\" alt=\"\" \/>\t\t\t\t\t\t\t\t\t\t\t\t\t\t\t<\/div>\n\t\t\t\t<\/div>\n\t\t\t\t\t<\/div>\n\t\t<\/div>\n\t\t\t\t<div class=\"elementor-column elementor-col-50 elementor-top-column elementor-element elementor-element-4063975 column-style-top\" data-id=\"4063975\" data-element_type=\"column\">\n\t\t\t<div class=\"elementor-widget-wrap elementor-element-populated\">\n\t\t\t\t\t\t\t\t<div class=\"elementor-element elementor-element-5ca1035 elementor-widget elementor-widget-text-editor\" data-id=\"5ca1035\" data-element_type=\"widget\" data-widget_type=\"text-editor.default\">\n\t\t\t\t<div class=\"elementor-widget-container\">\n\t\t\t\t\t\t\t<p style=\"text-align: justify;\">Empec\u00e9 mis primeros estudios universitarios cursando el Grado de Econom\u00eda en la Universidad de Almer\u00eda durante el periodo 2011-2015. Tras terminarlo me planteaba qu\u00e9 hacer, plante\u00e1ndome si cursar otros grados o adentrarme en el mundo de la investigaci\u00f3n con la realizaci\u00f3n de un M\u00e1ster orientado a estudios de doctorado. Fue en este momento en el que vi ofertado el M\u00e1ster en Desarrollo y Codesarrollo Local Sostenible de la Universidad de Almer\u00eda y, una vez vista la interesante tem\u00e1tica formativa que incluye, decid\u00ed matricularme como alumno de la primera promoci\u00f3n 2015\/2016.<\/p><p style=\"text-align: justify;\">El M\u00e1ster no defraud\u00f3 mis expectativas en ning\u00fan momento, es m\u00e1s, las super\u00f3 con creces. Habiendo visto peque\u00f1os esbozos de la materia a lo largo de la carrera de Econom\u00eda, el M\u00e1ster me permiti\u00f3 conocer en mayor profundidad el \u00e1mbito del desarrollo local, conociendo de primera mano ejemplos cercanos y reales gracias a la organizaci\u00f3n de jornadas de investigaci\u00f3n de campo en los municipios almerienses de Lubr\u00edn y Purchena.<\/p><p style=\"text-align: justify;\">Se trata de una formaci\u00f3n orientada a la labor investigadora para la realizaci\u00f3n de trabajos dentro de un entorno de flexibilidad con una elevada calidad de la metodolog\u00eda docente. Adem\u00e1s, tuve la suerte de estudiar en un entorno multidisciplinario en el que la plurinacionalidad enriqueci\u00f3 cada una de las clases, establecidas como un dialogo abierto y natural entre alumnos y profesorado. Asimismo, el M\u00e1ster me proporcion\u00f3 herramientas de an\u00e1lisis de datos que no hab\u00eda tenido la oportunidad de conocer con anterioridad, cuya efectividad y accesibilidad me alent\u00f3 a aplicarlo en el Trabajo de Fin de M\u00e1ster en el que fui galardonado con una Matr\u00edcula de Honor.<\/p><p style=\"text-align: justify;\">Actualmente, el M\u00e1ster en Desarrollo y Codesarrollo Local Sostenible me ha permitido acceder a estudios de doctorado en la Universidad de Almer\u00eda, as\u00ed como a la obtenci\u00f3n de un contrato laboral investigador en dicha Universidad. Lo recomiendo totalmente, es una apuesta garantizada para un futuro en el que el desarrollo local marcar\u00e1 la tendencia de la evoluci\u00f3n municipal.<\/p>\t\t\t\t\t\t<\/div>\n\t\t\t\t<\/div>\n\t\t\t\t\t<\/div>\n\t\t<\/div>\n\t\t\t\t\t\t\t<\/div>\n\t\t<\/section>\n\t\t\t\t<section class=\"elementor-section elementor-top-section elementor-element elementor-element-544fb0d elementor-section-boxed elementor-section-height-default elementor-section-height-default\" data-id=\"544fb0d\" data-element_type=\"section\">\n\t\t\t\t\t\t<div class=\"elementor-container elementor-column-gap-default\">\n\t\t\t\t\t<div class=\"elementor-column elementor-col-100 elementor-top-column elementor-element elementor-element-a7fa764 column-style-top\" data-id=\"a7fa764\" data-element_type=\"column\">\n\t\t\t<div class=\"elementor-widget-wrap elementor-element-populated\">\n\t\t\t\t\t\t\t\t<div class=\"elementor-element elementor-element-2cca234 elementor-widget-divider--view-line elementor-widget elementor-widget-divider\" data-id=\"2cca234\" data-element_type=\"widget\" data-widget_type=\"divider.default\">\n\t\t\t\t<div class=\"elementor-widget-container\">\n\t\t\t\t\t<div class=\"elementor-divider\">\n\t\t\t<span class=\"elementor-divider-separator\">\n\t\t\t\t\t\t<\/span>\n\t\t<\/div>\n\t\t\t\t<\/div>\n\t\t\t\t<\/div>\n\t\t\t\t\t<\/div>\n\t\t<\/div>\n\t\t\t\t\t\t\t<\/div>\n\t\t<\/section>\n\t\t\t\t<section class=\"elementor-section elementor-top-section elementor-element elementor-element-3f7b18c elementor-section-boxed elementor-section-height-default elementor-section-height-default\" data-id=\"3f7b18c\" data-element_type=\"section\">\n\t\t\t\t\t\t<div class=\"elementor-container elementor-column-gap-default\">\n\t\t\t\t\t<div class=\"elementor-column elementor-col-50 elementor-top-column elementor-element elementor-element-6ad21a8 column-style-top\" data-id=\"6ad21a8\" data-element_type=\"column\">\n\t\t\t<div class=\"elementor-widget-wrap elementor-element-populated\">\n\t\t\t\t\t\t\t\t<div class=\"elementor-element elementor-element-4001cb6 elementor-widget elementor-widget-text-editor\" data-id=\"4001cb6\" data-element_type=\"widget\" data-widget_type=\"text-editor.default\">\n\t\t\t\t<div class=\"elementor-widget-container\">\n\t\t\t\t\t\t\t<p style=\"text-align: justify;\">Me llamo Johanna Brice\u00f1o, soy graduada en Ingenier\u00eda Ambiental en la UTPL, tuve la oportunidad de ganar una beca de investigaci\u00f3n en esta instituci\u00f3n en algo que lleg\u00f3 a ser mi pasi\u00f3n y se convirti\u00f3 en mi l\u00ednea de investigaci\u00f3n: las ciencias sociales aplicadas a la conservaci\u00f3n de la biodiversidad a trav\u00e9s del trabajo en conjunto con las comunidades locales.<\/p><p style=\"text-align: justify;\">En la b\u00fasqueda de especializarme, apost\u00e9 por un postgrado fuera de mi pa\u00eds natal Ecuador y fue la Universidad de Almer\u00eda en el M\u00e1ster en Desarrollo y Codesarrollo Local Sostenible quien me dio a trav\u00e9s de su plan de estudio y planta docente la seguridad de escogerla como las m\u00e1s id\u00f3nea para complementar mis estudios.<\/p><p style=\"text-align: justify;\">Ahora que he culminado la maestr\u00eda puedo asegurar que fue una de las mejores elecciones que hice, al inicio con un poco de temor asum\u00ed el reto de movilizarme de mi pa\u00eds natal Ecuador hacia Almer\u00eda y me encontr\u00e9 con gente que me hizo crecer no solo acad\u00e9micamente si no en lo personal. Sin duda cumpli\u00f3 con todas mis expectativas y puedo asegurar que es una maestr\u00eda con mucha salida profesional, me ha dado las herramientas necesarias y los contenidos precisos para asumir los retos que hoy tiene mi pa\u00eds Ecuador, pues en el campo laboral se requiere gente especializada que asuma este reto.<\/p><p style=\"text-align: justify;\">Hoy en d\u00eda sigo vinculada a la UTPL y trabajo como promotora de proyectos de desarrollo local en HEIFER ECUADOR, que es una organizaci\u00f3n humanitaria, sin fines de lucro, dedicada a acabar con el hambre en el mundo y salvar la tierra, entregando a las familias pobres del planeta, ganado, \u00e1rboles, capacitaci\u00f3n y otros recursos para que sean autosuficientes.<\/p>\t\t\t\t\t\t<\/div>\n\t\t\t\t<\/div>\n\t\t\t\t\t<\/div>\n\t\t<\/div>\n\t\t\t\t<div class=\"elementor-column elementor-col-50 elementor-top-column elementor-element elementor-element-16ce785 column-style-top\" data-id=\"16ce785\" data-element_type=\"column\">\n\t\t\t<div class=\"elementor-widget-wrap elementor-element-populated\">\n\t\t\t\t\t\t\t\t<div class=\"elementor-element elementor-element-a7b4784 elementor-widget elementor-widget-heading\" data-id=\"a7b4784\" data-element_type=\"widget\" data-widget_type=\"heading.default\">\n\t\t\t\t<div class=\"elementor-widget-container\">\n\t\t\t<h2 class=\"elementor-heading-title elementor-size-default\">\nJohanna - II Edici\u00f3n\n<\/h2>\t\t<\/div>\n\t\t\t\t<\/div>\n\t\t\t\t<div class=\"elementor-element elementor-element-181740a elementor-widget elementor-widget-image\" data-id=\"181740a\" data-element_type=\"widget\" data-widget_type=\"image.default\">\n\t\t\t\t<div class=\"elementor-widget-container\">\n\t\t\t\t\t\t\t\t\t\t\t\t\t\t\t<img loading=\"lazy\" decoding=\"async\" width=\"357\" height=\"357\" src=\"http:\/\/decoloso.ual.es\/wp-content\/uploads\/2022\/01\/experiencia-6.png\" class=\"attachment-large size-large\" alt=\"\" \/>\t\t\t\t\t\t\t\t\t\t\t\t\t\t\t<\/div>\n\t\t\t\t<\/div>\n\t\t\t\t\t<\/div>\n\t\t<\/div>\n\t\t\t\t\t\t\t<\/div>\n\t\t<\/section>\n\t\t\t\t<section class=\"elementor-section elementor-top-section elementor-element elementor-element-da22726 elementor-section-boxed elementor-section-height-default elementor-section-height-default\" data-id=\"da22726\" data-element_type=\"section\">\n\t\t\t\t\t\t<div class=\"elementor-container elementor-column-gap-default\">\n\t\t\t\t\t<div class=\"elementor-column elementor-col-100 elementor-top-column elementor-element elementor-element-c0f7c92 column-style-top\" data-id=\"c0f7c92\" data-element_type=\"column\">\n\t\t\t<div class=\"elementor-widget-wrap elementor-element-populated\">\n\t\t\t\t\t\t\t\t<div class=\"elementor-element elementor-element-0342e8b elementor-widget-divider--view-line elementor-widget elementor-widget-divider\" data-id=\"0342e8b\" data-element_type=\"widget\" data-widget_type=\"divider.default\">\n\t\t\t\t<div class=\"elementor-widget-container\">\n\t\t\t\t\t<div class=\"elementor-divider\">\n\t\t\t<span class=\"elementor-divider-separator\">\n\t\t\t\t\t\t<\/span>\n\t\t<\/div>\n\t\t\t\t<\/div>\n\t\t\t\t<\/div>\n\t\t\t\t\t<\/div>\n\t\t<\/div>\n\t\t\t\t\t\t\t<\/div>\n\t\t<\/section>\n\t\t\t\t<section class=\"elementor-section elementor-top-section elementor-element elementor-element-7a0f729 elementor-section-boxed elementor-section-height-default elementor-section-height-default\" data-id=\"7a0f729\" data-element_type=\"section\">\n\t\t\t\t\t\t<div class=\"elementor-container elementor-column-gap-default\">\n\t\t\t\t\t<div class=\"elementor-column elementor-col-50 elementor-top-column elementor-element elementor-element-1583157 column-style-top\" data-id=\"1583157\" data-element_type=\"column\">\n\t\t\t<div class=\"elementor-widget-wrap elementor-element-populated\">\n\t\t\t\t\t\t\t\t<div class=\"elementor-element elementor-element-756094d elementor-widget elementor-widget-heading\" data-id=\"756094d\" data-element_type=\"widget\" data-widget_type=\"heading.default\">\n\t\t\t\t<div class=\"elementor-widget-container\">\n\t\t\t<h2 class=\"elementor-heading-title elementor-size-default\">\nLina Mar\u00eda - II Edici\u00f3n\n<\/h2>\t\t<\/div>\n\t\t\t\t<\/div>\n\t\t\t\t<div class=\"elementor-element elementor-element-bafef8f elementor-widget elementor-widget-image\" data-id=\"bafef8f\" data-element_type=\"widget\" data-widget_type=\"image.default\">\n\t\t\t\t<div class=\"elementor-widget-container\">\n\t\t\t\t\t\t\t\t\t\t\t\t\t\t\t<img loading=\"lazy\" decoding=\"async\" width=\"275\" height=\"360\" src=\"http:\/\/decoloso.ual.es\/wp-content\/uploads\/2022\/01\/experiencia-7.jpg\" class=\"attachment-large size-large\" alt=\"\" \/>\t\t\t\t\t\t\t\t\t\t\t\t\t\t\t<\/div>\n\t\t\t\t<\/div>\n\t\t\t\t\t<\/div>\n\t\t<\/div>\n\t\t\t\t<div class=\"elementor-column elementor-col-50 elementor-top-column elementor-element elementor-element-2be5735 column-style-top\" data-id=\"2be5735\" data-element_type=\"column\">\n\t\t\t<div class=\"elementor-widget-wrap elementor-element-populated\">\n\t\t\t\t\t\t\t\t<div class=\"elementor-element elementor-element-16d2744 elementor-widget elementor-widget-text-editor\" data-id=\"16d2744\" data-element_type=\"widget\" data-widget_type=\"text-editor.default\">\n\t\t\t\t<div class=\"elementor-widget-container\">\n\t\t\t\t\t\t\t<p style=\"text-align: justify;\">Mi nombre es Lina Mar\u00eda V\u00e1squez, soy Colombiana y me gradu\u00e9 en Administraci\u00f3n Ambiental. Inici\u00e9 mi b\u00fasqueda de postgrados en territorio nacional y al no tener una certeza ni el presupuesto decid\u00ed tambi\u00e9n indagar en universidades internacionales de paises como M\u00e9xico, Costa Rica, Chile, Argentina y Espa\u00f1a. Realic\u00e9 una b\u00fasqueda detallada, por ciudades y las ofertas de m\u00e1ster que ofrec\u00edan, despu\u00e9s me fij\u00e9 en los perfiles profesionales, las asignaturas, las salidas laborales que ten\u00eda cada una, costos, etc; as\u00ed que fui descartando poco a poco buscando la que m\u00e1s me gustaba y favorec\u00eda, y precisamente mi elecci\u00f3n fue el M\u00e1ster en Desarrollo y Codesarrollo Local Sostenible, buscaba algo que tuviera que ver con ayudar a las personas sin descuidar la parte medioambiental, un desarrollo pero de forma razonable y sustentable, ayudar a comunidades vulnerables, entre otros aspectos. Inmediatamente me comuniqu\u00e9 con el coordinador del m\u00e1ster el profesor Jaime de Pablo, ten\u00eda mucho susto porque no ten\u00eda ni idea a lo que me enfrentaba, ni que pasar\u00eda.<\/p><p style=\"text-align: justify;\">Afortunadamente recib\u00ed la respuesta cordial que esperaba por parte del profesor, de inmediato hice todas las diligencias y requisitos que me solicitaban para el ingreso a la Universidad y el permiso para poder viajar.<\/p><p style=\"text-align: justify;\">La experiencia fue incre\u00edble, una ciudad muy bonita, una universidad con espacios muy agradables y profesores y compa\u00f1eros con mucho carisma. En las clases retroaliment\u00e9 temas de los que ya ten\u00eda conocimiento por mi grado y tambi\u00e9n obtuve nuevos conocimientos y experiencias; interactuar con un grupo interdisciplinario donde te encuentras con distintas profesiones y te incentivan al trabajo en grupo, eso te permite fortalecerte profesional y personalmente y adem\u00e1s tomar mejores decisiones que como profesional te permita ayudar a las personas y reconocer la importancia de tener una relaci\u00f3n ideal con nuestra naturaleza.<\/p><p style=\"text-align: justify;\">No siendo m\u00e1s, los invito a que tomen la decisi\u00f3n e incursionen en esta gran oportunidad y experiencia de conocer nuevas culturas e interactuar con diferentes personas, conocer Almer\u00eda \u2013 que es espectacular-, la universidad, una academia que te hace sentir como en t\u00fa pa\u00eds y sobre todo, \u00e9ste m\u00e1ster, mi m\u00e1ster del que me siento orgullosa y s\u00e9 que en el momento indicado servir\u00e9 a la comunidad en pro de su desarrollo sostenible y sobre todo concienciar y promover un cambio cultural entre la relaci\u00f3n hombre-naturaleza.<\/p>\t\t\t\t\t\t<\/div>\n\t\t\t\t<\/div>\n\t\t\t\t\t<\/div>\n\t\t<\/div>\n\t\t\t\t\t\t\t<\/div>\n\t\t<\/section>\n\t\t\t\t<section class=\"elementor-section elementor-top-section elementor-element elementor-element-a2f8559 elementor-section-boxed elementor-section-height-default elementor-section-height-default\" data-id=\"a2f8559\" data-element_type=\"section\">\n\t\t\t\t\t\t<div class=\"elementor-container elementor-column-gap-default\">\n\t\t\t\t\t<div class=\"elementor-column elementor-col-100 elementor-top-column elementor-element elementor-element-9f13626 column-style-top\" data-id=\"9f13626\" data-element_type=\"column\">\n\t\t\t<div class=\"elementor-widget-wrap elementor-element-populated\">\n\t\t\t\t\t\t\t\t<div class=\"elementor-element elementor-element-a502c37 elementor-widget-divider--view-line elementor-widget elementor-widget-divider\" data-id=\"a502c37\" data-element_type=\"widget\" data-widget_type=\"divider.default\">\n\t\t\t\t<div class=\"elementor-widget-container\">\n\t\t\t\t\t<div class=\"elementor-divider\">\n\t\t\t<span class=\"elementor-divider-separator\">\n\t\t\t\t\t\t<\/span>\n\t\t<\/div>\n\t\t\t\t<\/div>\n\t\t\t\t<\/div>\n\t\t\t\t\t<\/div>\n\t\t<\/div>\n\t\t\t\t\t\t\t<\/div>\n\t\t<\/section>\n\t\t\t\t<section class=\"elementor-section elementor-top-section elementor-element elementor-element-e498981 elementor-section-boxed elementor-section-height-default elementor-section-height-default\" data-id=\"e498981\" data-element_type=\"section\">\n\t\t\t\t\t\t<div class=\"elementor-container elementor-column-gap-default\">\n\t\t\t\t\t<div class=\"elementor-column elementor-col-50 elementor-top-column elementor-element elementor-element-5b4540c column-style-top\" data-id=\"5b4540c\" data-element_type=\"column\">\n\t\t\t<div class=\"elementor-widget-wrap elementor-element-populated\">\n\t\t\t\t\t\t\t\t<div class=\"elementor-element elementor-element-43acab5 elementor-widget elementor-widget-text-editor\" data-id=\"43acab5\" data-element_type=\"widget\" data-widget_type=\"text-editor.default\">\n\t\t\t\t<div class=\"elementor-widget-container\">\n\t\t\t\t\t\t\t<p style=\"text-align: justify;\">El M\u00e1ster Universitario en Desarrollo y Codesarrollo Local Sostenible que tuve la suerte de realizar hace dos a\u00f1os en la Universidad de Almer\u00eda supuso un antes y un despu\u00e9s, no solo para la adquisici\u00f3n de nuevos conocimientos que ya es importante, sino para ayudarme y afrontar con otra perspectiva y de una forma m\u00e1s pr\u00e1ctica mi trabajo como gestor p\u00fablico en el mundo local.<\/p><p style=\"text-align: justify;\">Este m\u00e1ster me ha servido para ser m\u00e1s original, imaginativo y emprendedor a la hora de afrontar propuestas novedosas y generar distintas ideas de proyectos a realizar en el entorno que conozco.<\/p><p style=\"text-align: justify;\">Animo a todas aquellas personas que tengan iniciativa, o que tienen una buena idea de negocio a desarrollar y se sientan atra\u00eddas por la cultura del emprendimiento a no perder la oportunidad de realizar este m\u00e1ster.<\/p>\t\t\t\t\t\t<\/div>\n\t\t\t\t<\/div>\n\t\t\t\t\t<\/div>\n\t\t<\/div>\n\t\t\t\t<div class=\"elementor-column elementor-col-50 elementor-top-column elementor-element elementor-element-7da5929 column-style-top\" data-id=\"7da5929\" data-element_type=\"column\">\n\t\t\t<div class=\"elementor-widget-wrap elementor-element-populated\">\n\t\t\t\t\t\t\t\t<div class=\"elementor-element elementor-element-54057b7 elementor-widget elementor-widget-heading\" data-id=\"54057b7\" data-element_type=\"widget\" data-widget_type=\"heading.default\">\n\t\t\t\t<div class=\"elementor-widget-container\">\n\t\t\t<h2 class=\"elementor-heading-title elementor-size-default\">\nDomingo Jos\u00e9 - I Edici\u00f3n\n<\/h2>\t\t<\/div>\n\t\t\t\t<\/div>\n\t\t\t\t<div class=\"elementor-element elementor-element-a11843b elementor-widget elementor-widget-image\" data-id=\"a11843b\" data-element_type=\"widget\" data-widget_type=\"image.default\">\n\t\t\t\t<div class=\"elementor-widget-container\">\n\t\t\t\t\t\t\t\t\t\t\t\t\t\t\t<img loading=\"lazy\" decoding=\"async\" width=\"522\" height=\"606\" src=\"http:\/\/decoloso.ual.es\/wp-content\/uploads\/2022\/01\/Domingo-Jose-Ramos2.png\" class=\"attachment-large size-large\" alt=\"\" \/>\t\t\t\t\t\t\t\t\t\t\t\t\t\t\t<\/div>\n\t\t\t\t<\/div>\n\t\t\t\t\t<\/div>\n\t\t<\/div>\n\t\t\t\t\t\t\t<\/div>\n\t\t<\/section>\n\t\t\t\t<section class=\"elementor-section elementor-top-section elementor-element elementor-element-205e64d elementor-section-boxed elementor-section-height-default elementor-section-height-default\" data-id=\"205e64d\" data-element_type=\"section\">\n\t\t\t\t\t\t<div class=\"elementor-container elementor-column-gap-default\">\n\t\t\t\t\t<div class=\"elementor-column elementor-col-100 elementor-top-column elementor-element elementor-element-06a6711 column-style-top\" data-id=\"06a6711\" data-element_type=\"column\">\n\t\t\t<div class=\"elementor-widget-wrap elementor-element-populated\">\n\t\t\t\t\t\t\t\t<div class=\"elementor-element elementor-element-b2cee4c elementor-widget-divider--view-line elementor-widget elementor-widget-divider\" data-id=\"b2cee4c\" data-element_type=\"widget\" data-widget_type=\"divider.default\">\n\t\t\t\t<div class=\"elementor-widget-container\">\n\t\t\t\t\t<div class=\"elementor-divider\">\n\t\t\t<span class=\"elementor-divider-separator\">\n\t\t\t\t\t\t<\/span>\n\t\t<\/div>\n\t\t\t\t<\/div>\n\t\t\t\t<\/div>\n\t\t\t\t\t<\/div>\n\t\t<\/div>\n\t\t\t\t\t\t\t<\/div>\n\t\t<\/section>\n\t\t\t\t<section class=\"elementor-section elementor-top-section elementor-element elementor-element-cec669f elementor-section-boxed elementor-section-height-default elementor-section-height-default\" data-id=\"cec669f\" data-element_type=\"section\">\n\t\t\t\t\t\t<div class=\"elementor-container elementor-column-gap-default\">\n\t\t\t\t\t<div class=\"elementor-column elementor-col-50 elementor-top-column elementor-element elementor-element-93f1381 column-style-top\" data-id=\"93f1381\" data-element_type=\"column\">\n\t\t\t<div class=\"elementor-widget-wrap elementor-element-populated\">\n\t\t\t\t\t\t\t\t<div class=\"elementor-element elementor-element-fdbb6ca elementor-widget elementor-widget-heading\" data-id=\"fdbb6ca\" data-element_type=\"widget\" data-widget_type=\"heading.default\">\n\t\t\t\t<div class=\"elementor-widget-container\">\n\t\t\t<h2 class=\"elementor-heading-title elementor-size-default\">\nMar\u00eda Jos\u00e9 - II Edici\u00f3n\n<\/h2>\t\t<\/div>\n\t\t\t\t<\/div>\n\t\t\t\t<div class=\"elementor-element elementor-element-602a7f8 elementor-widget elementor-widget-image\" data-id=\"602a7f8\" data-element_type=\"widget\" data-widget_type=\"image.default\">\n\t\t\t\t<div class=\"elementor-widget-container\">\n\t\t\t\t\t\t\t\t\t\t\t\t\t\t\t<img loading=\"lazy\" decoding=\"async\" width=\"489\" height=\"426\" src=\"http:\/\/decoloso.ual.es\/wp-content\/uploads\/2022\/01\/experiencia-9miniatura.jpg\" class=\"attachment-large size-large\" alt=\"\" \/>\t\t\t\t\t\t\t\t\t\t\t\t\t\t\t<\/div>\n\t\t\t\t<\/div>\n\t\t\t\t\t<\/div>\n\t\t<\/div>\n\t\t\t\t<div class=\"elementor-column elementor-col-50 elementor-top-column elementor-element elementor-element-c014449 column-style-top\" data-id=\"c014449\" data-element_type=\"column\">\n\t\t\t<div class=\"elementor-widget-wrap elementor-element-populated\">\n\t\t\t\t\t\t\t\t<div class=\"elementor-element elementor-element-7ee7a38 elementor-widget elementor-widget-text-editor\" data-id=\"7ee7a38\" data-element_type=\"widget\" data-widget_type=\"text-editor.default\">\n\t\t\t\t<div class=\"elementor-widget-container\">\n\t\t\t\t\t\t\t<p style=\"text-align: justify;\">Mi nombre es Mar\u00eda Jos\u00e9 Mora, soy de Almer\u00eda y me gradu\u00e9 en Econom\u00eda en el a\u00f1o 2016 en la Universidad de Almer\u00eda.<\/p><p style=\"text-align: justify;\">Una vez terminado el grado quer\u00eda continuar mis estudios, por lo que opt\u00e9 por realizar un m\u00e1ster. Tras estar cotejando diferentes opciones encontr\u00e9 el M\u00e1ster en Desarrollo y Codesarrollo Local Sostenible, con la grata sorpresa de que al analizar su contenido profundizaba en materias que previamente hab\u00eda visto y que, adem\u00e1s, ofrec\u00eda la posibilidad de realizar pr\u00e1cticas extracurriculares; de modo que tambi\u00e9n resultaba ser una oportunidad para ganar experiencia en el \u00e1mbito laboral.<\/p><p style=\"text-align: justify;\">No obstante, y de las cosas que m\u00e1s valoro, es la multidisciplinariedad de mis compa\u00f1eros. Dada la propia naturaleza del m\u00e1ster, tienen cabida diferentes estudios y profesiones; pasando desde la ingenier\u00eda al derecho. Por lo que puedo decir que he aprendido mucho de la experiencia de mis compa\u00f1eros, pues estudiar bajo perspectivas tan diferentes ha hecho que ampl\u00ede mi perspectiva a la hora de plantear alternativas para solucionar problemas.<\/p><p style=\"text-align: justify;\">Adem\u00e1s, es importante se\u00f1alar tambi\u00e9n el hecho de que el m\u00e1ster sirve como puente directo para aquellas personas que quieran cursar estudios superiores, como el doctorado, ya que entre las asignaturas que se imparten se incluyen materias espec\u00edficas destinadas a la investigaci\u00f3n acad\u00e9mica y su metodolog\u00eda, permitiendo un acceso directo a este tipo de estudios.<\/p><p style=\"text-align: justify;\">Actualmente, trabajo en un proyecto de investigaci\u00f3n en la Universidad de Almer\u00eda a la vez que curso mis estudios de doctorado. En dicho proyecto analizamos la evoluci\u00f3n del desarrollo de la actividad econ\u00f3mica en el sector agroalimentario y su impacto en el desarrollo local.<\/p><p style=\"text-align: justify;\">En definitiva, considero que fue una muy buena decisi\u00f3n el haber cursado este m\u00e1ster por las oportunidades que posteriormente me han surgido, no s\u00f3lo acad\u00e9micamente sino tambi\u00e9n personalmente, ya que me ha permitido conocer a unos muy buenos compa\u00f1eros procedentes de distintas culturas y diferentes \u00e1mbitos profesionales.<\/p>\t\t\t\t\t\t<\/div>\n\t\t\t\t<\/div>\n\t\t\t\t\t<\/div>\n\t\t<\/div>\n\t\t\t\t\t\t\t<\/div>\n\t\t<\/section>\n\t\t\t\t<section class=\"elementor-section elementor-top-section elementor-element elementor-element-fcb3715 elementor-section-boxed elementor-section-height-default elementor-section-height-default\" data-id=\"fcb3715\" data-element_type=\"section\">\n\t\t\t\t\t\t<div class=\"elementor-container elementor-column-gap-default\">\n\t\t\t\t\t<div class=\"elementor-column elementor-col-100 elementor-top-column elementor-element elementor-element-bef2511 column-style-top\" data-id=\"bef2511\" data-element_type=\"column\">\n\t\t\t<div class=\"elementor-widget-wrap elementor-element-populated\">\n\t\t\t\t\t\t\t\t<div class=\"elementor-element elementor-element-61d820d elementor-widget-divider--view-line elementor-widget elementor-widget-divider\" data-id=\"61d820d\" data-element_type=\"widget\" data-widget_type=\"divider.default\">\n\t\t\t\t<div class=\"elementor-widget-container\">\n\t\t\t\t\t<div class=\"elementor-divider\">\n\t\t\t<span class=\"elementor-divider-separator\">\n\t\t\t\t\t\t<\/span>\n\t\t<\/div>\n\t\t\t\t<\/div>\n\t\t\t\t<\/div>\n\t\t\t\t\t<\/div>\n\t\t<\/div>\n\t\t\t\t\t\t\t<\/div>\n\t\t<\/section>\n\t\t\t\t<section class=\"elementor-section elementor-top-section elementor-element elementor-element-f3b964e elementor-section-boxed elementor-section-height-default elementor-section-height-default\" data-id=\"f3b964e\" data-element_type=\"section\">\n\t\t\t\t\t\t<div class=\"elementor-container elementor-column-gap-default\">\n\t\t\t\t\t<div class=\"elementor-column elementor-col-50 elementor-top-column elementor-element elementor-element-26958bc column-style-top\" data-id=\"26958bc\" data-element_type=\"column\">\n\t\t\t<div class=\"elementor-widget-wrap elementor-element-populated\">\n\t\t\t\t\t\t\t\t<div class=\"elementor-element elementor-element-eff96b1 elementor-widget elementor-widget-text-editor\" data-id=\"eff96b1\" data-element_type=\"widget\" data-widget_type=\"text-editor.default\">\n\t\t\t\t<div class=\"elementor-widget-container\">\n\t\t\t\t\t\t\t<p style=\"text-align: justify;\">Decid\u00ed estudiar el M\u00e1ster en Desarrollo y Codesarrollo Local Sostenible por varias razones. La principal era adquirir competencias para desarrollar proyectos que tuvieran impacto local y poder realizar un an\u00e1lisis integral de todo lo que afecta alrededor del mismo. Siempre he tenido mucho inter\u00e9s en el \u00e1rea de desarrollo local ya que considero que todos los grandes cambios proceden de una acumulaci\u00f3n de peque\u00f1as acciones, que surgen desde el \u00e1mbito local teniendo una evoluci\u00f3n hasta un contexto globalizado, bajo el trabajo, esfuerzo y el compromiso de todos los agentes involucrados (poblaci\u00f3n, equipo t\u00e9cnico, administraci\u00f3n local).<\/p><p style=\"text-align: justify;\">Fue una grata sorpresa, en la primera edici\u00f3n del m\u00e1ster, celebrada en el curso 2015-2016, encontrarme con compa\u00f1eros de diferentes nacionalidades (Ecuador, Colombia, M\u00e9xico, Ruman\u00eda, Senegal, Alemania y Espa\u00f1a). \u00c9ramos un grupo multicultural y procedente de diversas titulaciones universitarias, por lo que las clases presenciales eran un continuo aprendizaje, exposici\u00f3n de diversas realidades sociales, con la creaci\u00f3n de debates que hac\u00edan las clases participativas y de un gran enriquecimiento tanto personal como profesional.<\/p><p style=\"text-align: justify;\">Recomiendo a todas las personas interesadas en continuar sus estudios de postgrado que realicen el M\u00e1ster en Desarrollo y Codesarrollo Local Sostenible de la Universidad de Almer\u00eda por las oportunidades que ofrece a todos los niveles, de ah\u00ed su car\u00e1cter multidisciplinar y sobre todo, para aquellos\/as que quieran proyectarse profesionalmente en la elaboraci\u00f3n de proyectos de desarrollo local y de cooperaci\u00f3n necesarios y demandados por muchas entidades que abarcan desde asociaciones, fundaciones, etc. como entidades pertenecientes a la Administraci\u00f3n Local.<\/p>\t\t\t\t\t\t<\/div>\n\t\t\t\t<\/div>\n\t\t\t\t\t<\/div>\n\t\t<\/div>\n\t\t\t\t<div class=\"elementor-column elementor-col-50 elementor-top-column elementor-element elementor-element-aa4eb70 column-style-top\" data-id=\"aa4eb70\" data-element_type=\"column\">\n\t\t\t<div class=\"elementor-widget-wrap elementor-element-populated\">\n\t\t\t\t\t\t\t\t<div class=\"elementor-element elementor-element-212a418 elementor-widget elementor-widget-heading\" data-id=\"212a418\" data-element_type=\"widget\" data-widget_type=\"heading.default\">\n\t\t\t\t<div class=\"elementor-widget-container\">\n\t\t\t<h2 class=\"elementor-heading-title elementor-size-default\">\nRosa Mar\u00eda - I Edici\u00f3n\n<\/h2>\t\t<\/div>\n\t\t\t\t<\/div>\n\t\t\t\t<div class=\"elementor-element elementor-element-3fadd8b elementor-widget elementor-widget-image\" data-id=\"3fadd8b\" data-element_type=\"widget\" data-widget_type=\"image.default\">\n\t\t\t\t<div class=\"elementor-widget-container\">\n\t\t\t\t\t\t\t\t\t\t\t\t\t\t\t<img loading=\"lazy\" decoding=\"async\" width=\"900\" height=\"918\" src=\"http:\/\/decoloso.ual.es\/wp-content\/uploads\/2022\/02\/IMG_20181130_130608-marca-pueblo7117-1004x1024.jpg\" class=\"attachment-large size-large\" alt=\"\" \/>\t\t\t\t\t\t\t\t\t\t\t\t\t\t\t<\/div>\n\t\t\t\t<\/div>\n\t\t\t\t\t<\/div>\n\t\t<\/div>\n\t\t\t\t\t\t\t<\/div>\n\t\t<\/section>\n\t\t\t\t<section class=\"elementor-section elementor-top-section elementor-element elementor-element-6d701c9 elementor-section-boxed elementor-section-height-default elementor-section-height-default\" data-id=\"6d701c9\" data-element_type=\"section\">\n\t\t\t\t\t\t<div class=\"elementor-container elementor-column-gap-default\">\n\t\t\t\t\t<div class=\"elementor-column elementor-col-100 elementor-top-column elementor-element elementor-element-17d12e3 column-style-top\" data-id=\"17d12e3\" data-element_type=\"column\">\n\t\t\t<div class=\"elementor-widget-wrap elementor-element-populated\">\n\t\t\t\t\t\t\t\t<div class=\"elementor-element elementor-element-4adfb74 elementor-widget-divider--view-line elementor-widget elementor-widget-divider\" data-id=\"4adfb74\" data-element_type=\"widget\" data-widget_type=\"divider.default\">\n\t\t\t\t<div class=\"elementor-widget-container\">\n\t\t\t\t\t<div class=\"elementor-divider\">\n\t\t\t<span class=\"elementor-divider-separator\">\n\t\t\t\t\t\t<\/span>\n\t\t<\/div>\n\t\t\t\t<\/div>\n\t\t\t\t<\/div>\n\t\t\t\t\t<\/div>\n\t\t<\/div>\n\t\t\t\t\t\t\t<\/div>\n\t\t<\/section>\n\t\t\t\t<section class=\"elementor-section elementor-top-section elementor-element elementor-element-eba8bb1 elementor-section-boxed elementor-section-height-default elementor-section-height-default\" data-id=\"eba8bb1\" data-element_type=\"section\">\n\t\t\t\t\t\t<div class=\"elementor-container elementor-column-gap-default\">\n\t\t\t\t\t<div class=\"elementor-column elementor-col-50 elementor-top-column elementor-element elementor-element-487942c column-style-top\" data-id=\"487942c\" data-element_type=\"column\">\n\t\t\t<div class=\"elementor-widget-wrap elementor-element-populated\">\n\t\t\t\t\t\t\t\t<div class=\"elementor-element elementor-element-6efbade elementor-widget elementor-widget-heading\" data-id=\"6efbade\" data-element_type=\"widget\" data-widget_type=\"heading.default\">\n\t\t\t\t<div class=\"elementor-widget-container\">\n\t\t\t<h2 class=\"elementor-heading-title elementor-size-default\">\nMar\u00eda Helena - I Edici\u00f3n\n<\/h2>\t\t<\/div>\n\t\t\t\t<\/div>\n\t\t\t\t<div class=\"elementor-element elementor-element-da27d2e elementor-widget elementor-widget-image\" data-id=\"da27d2e\" data-element_type=\"widget\" data-widget_type=\"image.default\">\n\t\t\t\t<div class=\"elementor-widget-container\">\n\t\t\t\t\t\t\t\t\t\t\t\t\t\t\t<img loading=\"lazy\" decoding=\"async\" width=\"671\" height=\"540\" src=\"http:\/\/decoloso.ual.es\/wp-content\/uploads\/2022\/02\/experiencia-11esca.jpg\" class=\"attachment-large size-large\" alt=\"\" \/>\t\t\t\t\t\t\t\t\t\t\t\t\t\t\t<\/div>\n\t\t\t\t<\/div>\n\t\t\t\t\t<\/div>\n\t\t<\/div>\n\t\t\t\t<div class=\"elementor-column elementor-col-50 elementor-top-column elementor-element elementor-element-e8f0876 column-style-top\" data-id=\"e8f0876\" data-element_type=\"column\">\n\t\t\t<div class=\"elementor-widget-wrap elementor-element-populated\">\n\t\t\t\t\t\t\t\t<div class=\"elementor-element elementor-element-1ed98ab elementor-widget elementor-widget-text-editor\" data-id=\"1ed98ab\" data-element_type=\"widget\" data-widget_type=\"text-editor.default\">\n\t\t\t\t<div class=\"elementor-widget-container\">\n\t\t\t\t\t\t\t<p style=\"text-align: justify;\">Estudi\u00e9 el M\u00e1ster en Desarrollo y Codesarrollo Local Sostenible en el curso 2015-2016. Yo ven\u00eda de una formaci\u00f3n en ingenier\u00eda en administraci\u00f3n de empresas en hoteler\u00eda y turismo y un m\u00e1ster de ecoturismo y manejo de \u00e1reas naturales. Mi formaci\u00f3n acad\u00e9mica la realice en Ecuador. Me he dedicado 9 a\u00f1os a la docencia en universidades p\u00fablicas y privadas del Ecuador. Mi actividad profesional la vincule con las comunidades ind\u00edgenas que existen en el sur del Ecuador por lo que me llamo la atenci\u00f3n el campo de la cooperaci\u00f3n y el desarrollo local.<\/p><p style=\"text-align: justify;\">El M\u00e1ster en Desarrollo y Codesarrollo Local Sostenible de la Universidad de Almer\u00eda me gust\u00f3 por la experiencia que tienen los docentes en el campo del desarrollo local, la interculturalidad de los compa\u00f1eros de varios pa\u00edses sum\u00f3 mi experiencia en Espa\u00f1a. La participaci\u00f3n de los estudiantes y profesores con diferentes puntos de vista con respecto a su formaci\u00f3n profesional me ayud\u00f3 a entender lo que significa el desarrollo local. La vinculaci\u00f3n de la teor\u00eda y la pr\u00e1ctica creo que fue el factor fundamental en este m\u00e1ster. Y como experiencia puedo decir que a pesar de estar en pa\u00eds extranjero me sent\u00ed como en casa. Lubr\u00edn, que es el ayuntamiento en donde realice mi pasant\u00eda, es un lugar muy acogedor y con mi compa\u00f1era Paola de Colombia, tuvimos una experiencia muy grata al hacer una propuesta de desarrollo en el \u00e1mbito tur\u00edstico y social.<\/p><p style=\"text-align: justify;\">Adem\u00e1s, obtuve una beca en la Universidad de Almer\u00eda que me ayudo a solventar el gasto de los estudios. As\u00ed como la mayor\u00eda de compa\u00f1eros fueron acreedores a varias becas que se ofertan en esta Universidad.<\/p><p style=\"text-align: justify;\">En este m\u00e1ster se necesita investigar, hacer trabajos, salidas de campo y las exposiciones que son un factor importante que me ayudo a desenvolver frente a los compa\u00f1eros. Los profesores fueron mis amigos y eso me fue un buen inicio de adaptaci\u00f3n. A esto puedo sumar mi experiencia en Espa\u00f1a que ha sido una de las mejores de mi vida, por la gente amable, comida, cultura, arte, clima, paisaje, playas y as\u00ed puedo mencionar mucho m\u00e1s.<\/p><p style=\"text-align: justify;\">En la actualidad, me encuentro trabajando en la Universidad T\u00e9cnica Particular de Loja- Ecuador, imparto la materia de \u201cDesarrollo Comunitario y Gesti\u00f3n Social\u201d y estoy analizando el libro de Mar\u00eda Jos\u00e9 Albert G\u00f3mez y Juan Jos\u00e9 Bonilla Mart\u00ednez, este \u00faltimo fue gratamente mi profesor. Su libro \u201cFormaci\u00f3n y Desarrollo Local\u201d me ayuda a analizar el desarrollo desde la experiencia de la Uni\u00f3n Europea y poder observar los aciertos y desaciertos en relaci\u00f3n al desarrollo local desde la realidad de cada comunidad. Adicional a esto tengo una agencia de viajes virtual y desde lo privado estoy aportando a las comunidades que tienen dif\u00edcil acceso a la tecnolog\u00eda para poder llegar a las personas con productos tur\u00edsticos comunitarios. Misma que la trabaj\u00e9 con otra compa\u00f1era del m\u00e1ster M\u00f3nica P\u00e9rez de Espa\u00f1a, qui\u00e9n me ayudo con el dise\u00f1o de la p\u00e1gina y actualmente se la puede encontrar en el link: www.turismohuilca.com. Estoy con el plan de hacer mi tesis doctoral, estoy buscando el apoyo de una Universidad en Ecuador para desarrollar una investigaci\u00f3n que beneficie a las comunidades locales del sur del Ecuador.\u00a0<\/p>\t\t\t\t\t\t<\/div>\n\t\t\t\t<\/div>\n\t\t\t\t\t<\/div>\n\t\t<\/div>\n\t\t\t\t\t\t\t<\/div>\n\t\t<\/section>\n\t\t\t\t<section class=\"elementor-section elementor-top-section elementor-element elementor-element-fe6bbc2 elementor-section-boxed elementor-section-height-default elementor-section-height-default\" data-id=\"fe6bbc2\" data-element_type=\"section\">\n\t\t\t\t\t\t<div class=\"elementor-container elementor-column-gap-default\">\n\t\t\t\t\t<div class=\"elementor-column elementor-col-100 elementor-top-column elementor-element elementor-element-ecd8827 column-style-top\" data-id=\"ecd8827\" data-element_type=\"column\">\n\t\t\t<div class=\"elementor-widget-wrap elementor-element-populated\">\n\t\t\t\t\t\t\t\t<div class=\"elementor-element elementor-element-dd94e4c elementor-widget-divider--view-line elementor-widget elementor-widget-divider\" data-id=\"dd94e4c\" data-element_type=\"widget\" data-widget_type=\"divider.default\">\n\t\t\t\t<div class=\"elementor-widget-container\">\n\t\t\t\t\t<div class=\"elementor-divider\">\n\t\t\t<span class=\"elementor-divider-separator\">\n\t\t\t\t\t\t<\/span>\n\t\t<\/div>\n\t\t\t\t<\/div>\n\t\t\t\t<\/div>\n\t\t\t\t\t<\/div>\n\t\t<\/div>\n\t\t\t\t\t\t\t<\/div>\n\t\t<\/section>\n\t\t\t\t<section class=\"elementor-section elementor-top-section elementor-element elementor-element-23186da elementor-section-boxed elementor-section-height-default elementor-section-height-default\" data-id=\"23186da\" data-element_type=\"section\">\n\t\t\t\t\t\t<div class=\"elementor-container elementor-column-gap-default\">\n\t\t\t\t\t<div class=\"elementor-column elementor-col-50 elementor-top-column elementor-element elementor-element-2c1d54d column-style-top\" data-id=\"2c1d54d\" data-element_type=\"column\">\n\t\t\t<div class=\"elementor-widget-wrap elementor-element-populated\">\n\t\t\t\t\t\t\t\t<div class=\"elementor-element elementor-element-0e6c810 elementor-widget elementor-widget-text-editor\" data-id=\"0e6c810\" data-element_type=\"widget\" data-widget_type=\"text-editor.default\">\n\t\t\t\t<div class=\"elementor-widget-container\">\n\t\t\t\t\t\t\t<p style=\"text-align: justify;\">Con relaci\u00f3n a mi formaci\u00f3n acad\u00e9mica, estudi\u00e9 la Diplomatura de Turismo en la Universidad de Almer\u00eda y a posteriori, decid\u00ed adaptarme al plan Bolonia y hacer un curso puente en la Universidad de C\u00f3rdoba para obtener el Grado en Turismo. Poseo igualmente un M\u00e1ster privado de la Escuela de Negocios de Turismo de Madrid en Direcci\u00f3n y Gesti\u00f3n Internacional de Hoteles y Empresas Tur\u00edsticas.<\/p><p style=\"text-align: justify;\">Profesionalmente, he trabajado en diferentes empresas del sector tur\u00edstico tanto en el sector privado de la que citar\u00e9 el \u201cClub M\u00e9diterran\u00e9e\u201d (multinacional francesa) como en el sector p\u00fablico a trav\u00e9s de una beca de investigaci\u00f3n en la Consejer\u00eda de Turismo, Comercio y Deporte de la Direcci\u00f3n General de Planificaci\u00f3n y Ordenaci\u00f3n Tur\u00edstica. Actualmente, me encuentro en una nueva etapa acad\u00e9mica, que es la realizaci\u00f3n de mi tesis doctoral.<\/p><p style=\"text-align: justify;\">Cuando me preguntan, por qu\u00e9 decid\u00ed realizar el M\u00e1ster en Desarrollo y Codesarrollo Local Sostenible; creo que es un M\u00e1ster que se adapta perfectamente a los tiempos actuales, en un mundo en constante evoluci\u00f3n tanto a nivel tecnol\u00f3gico, econ\u00f3mico, ambiental y social. Los flujos migratorios, el cambio clim\u00e1tico, unidos a los avances tecnol\u00f3gicos, son precisamente los condicionantes que me han llevado a emprender este M\u00e1ster, que se centra en gran medida en la investigaci\u00f3n con la posibilidad de realizar pr\u00e1cticas en distintos municipios, completando as\u00ed una formaci\u00f3n te\u00f3rica\/pr\u00e1ctica (muy recomendable). Todos estos aspectos son abordados a trav\u00e9s de los diferentes m\u00f3dulos que son claves en el desarrollo de este M\u00e1ster.<\/p><p style=\"text-align: justify;\">En este sentido, el M\u00e1ster me ha permitido profundizar mis conocimientos a trav\u00e9s de la investigaci\u00f3n y el uso de ciertas herramientas (lenguaje de programaci\u00f3n R). Los conocimientos adquiridos, son frutos del trabajo realizado tanto en equipo como de manera individual y principalmente gracias a un profesorado con un excelente nivel acad\u00e9mico, que siempre ha mostrado su compromiso con el M\u00e1ster y con los alumnos.<\/p><p style=\"text-align: justify;\">De igual modo, la aportaci\u00f3n de alumnos procedentes de otros pa\u00edses tanto de la Uni\u00f3n Europea como de otros continentes, posibilita la creaci\u00f3n de un clima y un ambiente favorable para que d\u00e9 lugar a un intercambio cultural muy enriquecedor durante las clases y por qu\u00e9 no decirlo, eleva el nivel a trav\u00e9s de los debates entre los participantes.<\/p><p style=\"text-align: justify;\">A todas las personas que tengan inquietudes por todos estos temas tan sensibles y tan presentes, recomiendo vivamente que se animen a realizar el M\u00e1ster en Desarrollo y Codesarrollo Local Sostenible. Espero que les sean tan fruct\u00edfero como lo ha sido para m\u00ed.<\/p>\t\t\t\t\t\t<\/div>\n\t\t\t\t<\/div>\n\t\t\t\t\t<\/div>\n\t\t<\/div>\n\t\t\t\t<div class=\"elementor-column elementor-col-50 elementor-top-column elementor-element elementor-element-5cef7f0 column-style-top\" data-id=\"5cef7f0\" data-element_type=\"column\">\n\t\t\t<div class=\"elementor-widget-wrap elementor-element-populated\">\n\t\t\t\t\t\t\t\t<div class=\"elementor-element elementor-element-0b7c526 elementor-widget elementor-widget-heading\" data-id=\"0b7c526\" data-element_type=\"widget\" data-widget_type=\"heading.default\">\n\t\t\t\t<div class=\"elementor-widget-container\">\n\t\t\t<h2 class=\"elementor-heading-title elementor-size-default\">\nAbel - III Edici\u00f3n\n<\/h2>\t\t<\/div>\n\t\t\t\t<\/div>\n\t\t\t\t<div class=\"elementor-element elementor-element-7151b28 elementor-widget elementor-widget-image\" data-id=\"7151b28\" data-element_type=\"widget\" data-widget_type=\"image.default\">\n\t\t\t\t<div class=\"elementor-widget-container\">\n\t\t\t\t\t\t\t\t\t\t\t\t\t\t\t<img loading=\"lazy\" decoding=\"async\" width=\"464\" height=\"464\" src=\"http:\/\/decoloso.ual.es\/wp-content\/uploads\/2022\/02\/experiencia-12.jpg\" class=\"attachment-large size-large\" alt=\"\" \/>\t\t\t\t\t\t\t\t\t\t\t\t\t\t\t<\/div>\n\t\t\t\t<\/div>\n\t\t\t\t\t<\/div>\n\t\t<\/div>\n\t\t\t\t\t\t\t<\/div>\n\t\t<\/section>\n\t\t\t\t<section class=\"elementor-section elementor-top-section elementor-element elementor-element-04131b2 elementor-section-boxed elementor-section-height-default elementor-section-height-default\" data-id=\"04131b2\" data-element_type=\"section\">\n\t\t\t\t\t\t<div class=\"elementor-container elementor-column-gap-default\">\n\t\t\t\t\t<div class=\"elementor-column elementor-col-100 elementor-top-column elementor-element elementor-element-732c74f column-style-top\" data-id=\"732c74f\" data-element_type=\"column\">\n\t\t\t<div class=\"elementor-widget-wrap elementor-element-populated\">\n\t\t\t\t\t\t\t\t<div class=\"elementor-element elementor-element-05b1d87 elementor-widget-divider--view-line elementor-widget elementor-widget-divider\" data-id=\"05b1d87\" data-element_type=\"widget\" data-widget_type=\"divider.default\">\n\t\t\t\t<div class=\"elementor-widget-container\">\n\t\t\t\t\t<div class=\"elementor-divider\">\n\t\t\t<span class=\"elementor-divider-separator\">\n\t\t\t\t\t\t<\/span>\n\t\t<\/div>\n\t\t\t\t<\/div>\n\t\t\t\t<\/div>\n\t\t\t\t\t<\/div>\n\t\t<\/div>\n\t\t\t\t\t\t\t<\/div>\n\t\t<\/section>\n\t\t\t\t<section class=\"elementor-section elementor-top-section elementor-element elementor-element-430f79d elementor-section-boxed elementor-section-height-default elementor-section-height-default\" data-id=\"430f79d\" data-element_type=\"section\">\n\t\t\t\t\t\t<div class=\"elementor-container elementor-column-gap-default\">\n\t\t\t\t\t<div class=\"elementor-column elementor-col-50 elementor-top-column elementor-element elementor-element-89ff86a column-style-top\" data-id=\"89ff86a\" data-element_type=\"column\">\n\t\t\t<div class=\"elementor-widget-wrap elementor-element-populated\">\n\t\t\t\t\t\t\t\t<div class=\"elementor-element elementor-element-0d34494 elementor-widget elementor-widget-heading\" data-id=\"0d34494\" data-element_type=\"widget\" data-widget_type=\"heading.default\">\n\t\t\t\t<div class=\"elementor-widget-container\">\n\t\t\t<h2 class=\"elementor-heading-title elementor-size-default\">\nFrancisco Javier - III Edici\u00f3n\n<\/h2>\t\t<\/div>\n\t\t\t\t<\/div>\n\t\t\t\t<div class=\"elementor-element elementor-element-f7ccfc3 elementor-widget elementor-widget-image\" data-id=\"f7ccfc3\" data-element_type=\"widget\" data-widget_type=\"image.default\">\n\t\t\t\t<div class=\"elementor-widget-container\">\n\t\t\t\t\t\t\t\t\t\t\t\t\t\t\t<img loading=\"lazy\" decoding=\"async\" width=\"760\" height=\"760\" src=\"http:\/\/decoloso.ual.es\/wp-content\/uploads\/2022\/02\/experiencia-13-e1548838839946.jpg\" class=\"attachment-large size-large\" alt=\"\" \/>\t\t\t\t\t\t\t\t\t\t\t\t\t\t\t<\/div>\n\t\t\t\t<\/div>\n\t\t\t\t\t<\/div>\n\t\t<\/div>\n\t\t\t\t<div class=\"elementor-column elementor-col-50 elementor-top-column elementor-element elementor-element-542f8d2 column-style-top\" data-id=\"542f8d2\" data-element_type=\"column\">\n\t\t\t<div class=\"elementor-widget-wrap elementor-element-populated\">\n\t\t\t\t\t\t\t\t<div class=\"elementor-element elementor-element-a0c4d73 elementor-widget elementor-widget-text-editor\" data-id=\"a0c4d73\" data-element_type=\"widget\" data-widget_type=\"text-editor.default\">\n\t\t\t\t<div class=\"elementor-widget-container\">\n\t\t\t\t\t\t\t<p style=\"text-align: justify;\">Mi nombre es Francisco Javier, soy de Almer\u00eda y graduado en Derecho por la UAL. He estado desempe\u00f1ando durante un periodo de tiempo labores de consultor\u00eda y asesor\u00eda en diversas materias relacionadas con el \u00e1mbito empresarial. Gracias al trabajo realizado pude llevar un seguimiento de varias empresas y observar la repercusi\u00f3n tanto positiva como negativa de estas en su zona de primera mano. Intentando conseguir una visi\u00f3n extra a la tem\u00e1tica que ven\u00eda ejerciendo, me embarqu\u00e9 en la b\u00fasqueda de un m\u00e1ster que tratara de generar un desarrollo sostenible.<\/p><p style=\"text-align: justify;\">El M\u00e1ster en Desarrollo y Codesarrollo Local Sostenible fue la opci\u00f3n que escog\u00ed despu\u00e9s de estar barajando otros cursos. Cabe mencionar que la atenci\u00f3n recibida y la inmediatez con la que me solucionaron las dudas que ten\u00eda relativas al propio programa fue uno de los motivos principales para su elecci\u00f3n.<\/p><p style=\"text-align: justify;\">Primeramente y a nivel personal, el curso fue muy enriquecedor. El poder contar con alumnos de varios pa\u00edses como Colombia, Bolivia o Ecuador cambi\u00f3 completamente los debates que se ten\u00edan en clase. Volver\u00eda a matricularme siempre que sepa que iba a volver a disfrutar y aprender no solo de los docentes, sino tambi\u00e9n de mis compa\u00f1eros que han sabido transmitir sus cocimientos, cultura y estilo de vida. Gracias a las actividades planteadas durante el curso se cre\u00f3 un grupo de trabajo que, tras finalizar el a\u00f1o, sigue en activo sin ning\u00fan problema. Se puede decir con total seguridad que el desarrollo de los proyectos durante ese tiempo ha modificado mi forma de tomar decisiones y la de afrontar el trabajo en equipo.<\/p><p style=\"text-align: justify;\">En segundo lugar y ya hablando del programa del m\u00e1ster, se trata de un curso que como se puede observar en el resto de las experiencias, requiere de un numero significativo de entregas y exposiciones. La calidad docente no se puede poner en entredicho y se suma al alto n\u00famero de profesores que conforman la plantilla. La mezcla de pr\u00e1cticas y clases te\u00f3ricas en un r\u00e9gimen de semipresencialidad permite poder organizarse mejor el d\u00eda a d\u00eda y se compagina muy bien con las salidas o actividades extras a realizar si se quiere. Durante mi promoci\u00f3n, tuvimos la oportunidad de realizar salidas de campo a municipios de la provincia para analizar su desarrollo y el poder participar de forma activa en la XX Reuni\u00f3n de Econom\u00eda Mundial. De ella, varios compa\u00f1eros salimos con una comunicaci\u00f3n que fortaleci\u00f3 nuestro esp\u00edritu investigador.<\/p><p style=\"text-align: justify;\">Gracias al m\u00e1ster he reorientado mi actividad hacia una nueva v\u00eda que en principio no barajaba. Actualmente me encuentro realizando el doctorado en Ciencias Econ\u00f3micas, Empresariales y Jur\u00eddicas a tiempo completo en la misma universidad. Por ello puedo afirmar que, aunque ha supuesto un gran esfuerzo, se ve claramente que hay un antes y un despu\u00e9s en mi carrera tras su realizaci\u00f3n.\u00a0<\/p>\t\t\t\t\t\t<\/div>\n\t\t\t\t<\/div>\n\t\t\t\t\t<\/div>\n\t\t<\/div>\n\t\t\t\t\t\t\t<\/div>\n\t\t<\/section>\n\t\t\t\t<section class=\"elementor-section elementor-top-section elementor-element elementor-element-a30508c elementor-section-boxed elementor-section-height-default elementor-section-height-default\" data-id=\"a30508c\" data-element_type=\"section\">\n\t\t\t\t\t\t<div class=\"elementor-container elementor-column-gap-default\">\n\t\t\t\t\t<div class=\"elementor-column elementor-col-100 elementor-top-column elementor-element elementor-element-e3ba09c column-style-top\" data-id=\"e3ba09c\" data-element_type=\"column\">\n\t\t\t<div class=\"elementor-widget-wrap elementor-element-populated\">\n\t\t\t\t\t\t\t\t<div class=\"elementor-element elementor-element-f54979c elementor-widget-divider--view-line elementor-widget elementor-widget-divider\" data-id=\"f54979c\" data-element_type=\"widget\" data-widget_type=\"divider.default\">\n\t\t\t\t<div class=\"elementor-widget-container\">\n\t\t\t\t\t<div class=\"elementor-divider\">\n\t\t\t<span class=\"elementor-divider-separator\">\n\t\t\t\t\t\t<\/span>\n\t\t<\/div>\n\t\t\t\t<\/div>\n\t\t\t\t<\/div>\n\t\t\t\t\t<\/div>\n\t\t<\/div>\n\t\t\t\t\t\t\t<\/div>\n\t\t<\/section>\n\t\t\t\t<section class=\"elementor-section elementor-top-section elementor-element elementor-element-e269532 elementor-section-boxed elementor-section-height-default elementor-section-height-default\" data-id=\"e269532\" data-element_type=\"section\">\n\t\t\t\t\t\t<div class=\"elementor-container elementor-column-gap-default\">\n\t\t\t\t\t<div class=\"elementor-column elementor-col-50 elementor-top-column elementor-element elementor-element-d0912b6 column-style-top\" data-id=\"d0912b6\" data-element_type=\"column\">\n\t\t\t<div class=\"elementor-widget-wrap elementor-element-populated\">\n\t\t\t\t\t\t\t\t<div class=\"elementor-element elementor-element-3ed3fac elementor-widget elementor-widget-text-editor\" data-id=\"3ed3fac\" data-element_type=\"widget\" data-widget_type=\"text-editor.default\">\n\t\t\t\t<div class=\"elementor-widget-container\">\n\t\t\t\t\t\t\t<p style=\"text-align: justify;\">Me llamo Ndongo Mbengue, soy de Senegal. Soy licenciado profesional en Turismo en la Universidad de Senegal de 2010-2014.Pero hice los dos primeros cursos all\u00ed y los dos \u00faltimos en la Universidad de Almer\u00eda en Espa\u00f1a (2012-2014) dentro de un programa de movilidad internacional (UAL MUNDO).<\/p><p style=\"text-align: justify;\">Despu\u00e9s de aprobar todas las asignaturas que ten\u00eda en estos cursos y el DELE B2, me lo convalidaron en mi pa\u00eds de origen y consegu\u00ed mi t\u00edtulo. Desde entonces he pensado que no es interesante volver a mi pa\u00eds solo con certificados acad\u00e9micos y una experiencia de dos a\u00f1os, fue cuando decid\u00ed de quedarme para conseguir por lo menos un diploma oficial Europeo. Tras una b\u00fasqueda de que voy a hacer y como lo voy a hacer, vi que en el curso 2015-2016 la Universidad de Almer\u00eda ofrece un m\u00e1ster de desarrollo y Codesarrollo local sostenible y me llamo mucho la atenci\u00f3n y solicite la preinscripci\u00f3n y ahora ten\u00eda que buscar el dinero para costearlo. Y como mi permiso de estudiante caduco al final del curso 2013-2014 deber\u00eda volver a mi pa\u00eds si no consigo un contrato de trabajo, entonces me busque el trabajo en la agricultura y consegu\u00ed la residencia con el contrato de un a\u00f1o que me hicieron y me permiti\u00f3 ahorrar dinero para pagar la matricula en 2015. Seg\u00fan el coordinador del m\u00e1ster fui el primero en matricularme en este m\u00e1ster que era muy interesante por los temas que tocaban, la diversidad de los perfiles de alumno, debates interesantes con distintas puntos de vista, estudios de casos reales de modelo de desarrollo sostenible y visitas de empresas locales.<\/p><p style=\"text-align: justify;\">Este master es para m\u00ed una experiencia muy importante porque me permiti\u00f3 conocer a compa\u00f1eros de distintos perfiles y me procuro un orgullo de mi mismo porque yo era el \u00fanico representante de mi pa\u00eds y de mi continente \u00c1frica, aunque lo he cursado con todas las dificultades porque ten\u00eda que trabajar en la agricultura hasta las 16h para ir a la universidad a las 18h y luego estudiar por la noche hasta muy tarde. Pero como dicen, todo esfuerzo merece recompensa al final he obtenido resultados muy positivos que influyen mucho en mi desarrollo personal y profesional.<\/p><p style=\"text-align: justify;\">El m\u00e1ster me permiti\u00f3 adquirir conocimientos experiencias suficientes para conseguir una Beca de Erasmus+ para hacer una pr\u00e1ctica de cuatro meses como t\u00e9cnico de proyecto de desarrollo social en Bruselas en una Organizaci\u00f3n socio cultural CULTUREGHEM que trabaja con las personas refugiados.<\/p><p style=\"text-align: justify;\">Ahora estoy trabajando en la Cooperativa Agr\u00edcola San Isidro (CASI) de Almer\u00eda como administrativo y comercial. Y tengo proyectos de desarrollo y codesarrollo local sostenible que har\u00e1 de mi un vector entre mi pa\u00eds de origen y el de acogida. Mi pa\u00eds es un pa\u00eds en v\u00eda de desarrollo y es necesario aportar conocimientos, para entre otras cosas, luchar contra la inmigraci\u00f3n clandestina.<\/p>\t\t\t\t\t\t<\/div>\n\t\t\t\t<\/div>\n\t\t\t\t\t<\/div>\n\t\t<\/div>\n\t\t\t\t<div class=\"elementor-column elementor-col-50 elementor-top-column elementor-element elementor-element-76796f0 column-style-top\" data-id=\"76796f0\" data-element_type=\"column\">\n\t\t\t<div class=\"elementor-widget-wrap elementor-element-populated\">\n\t\t\t\t\t\t\t\t<div class=\"elementor-element elementor-element-50b23d1 elementor-widget elementor-widget-heading\" data-id=\"50b23d1\" data-element_type=\"widget\" data-widget_type=\"heading.default\">\n\t\t\t\t<div class=\"elementor-widget-container\">\n\t\t\t<h2 class=\"elementor-heading-title elementor-size-default\">Ndongo  - I Edici\u00f3n\n<\/h2>\t\t<\/div>\n\t\t\t\t<\/div>\n\t\t\t\t<div class=\"elementor-element elementor-element-07e02fc elementor-widget elementor-widget-image\" data-id=\"07e02fc\" data-element_type=\"widget\" data-widget_type=\"image.default\">\n\t\t\t\t<div class=\"elementor-widget-container\">\n\t\t\t\t\t\t\t\t\t\t\t\t\t\t\t<img loading=\"lazy\" decoding=\"async\" width=\"539\" height=\"539\" src=\"http:\/\/decoloso.ual.es\/wp-content\/uploads\/2022\/02\/experiencia-14.jpg\" class=\"attachment-large size-large\" alt=\"\" \/>\t\t\t\t\t\t\t\t\t\t\t\t\t\t\t<\/div>\n\t\t\t\t<\/div>\n\t\t\t\t\t<\/div>\n\t\t<\/div>\n\t\t\t\t\t\t\t<\/div>\n\t\t<\/section>\n\t\t\t\t<section class=\"elementor-section elementor-top-section elementor-element elementor-element-51a4079 elementor-section-boxed elementor-section-height-default elementor-section-height-default\" data-id=\"51a4079\" data-element_type=\"section\">\n\t\t\t\t\t\t<div class=\"elementor-container elementor-column-gap-default\">\n\t\t\t\t\t<div class=\"elementor-column elementor-col-100 elementor-top-column elementor-element elementor-element-862bdd7 column-style-top\" data-id=\"862bdd7\" data-element_type=\"column\">\n\t\t\t<div class=\"elementor-widget-wrap elementor-element-populated\">\n\t\t\t\t\t\t\t\t<div class=\"elementor-element elementor-element-9eee554 elementor-widget-divider--view-line elementor-widget elementor-widget-divider\" data-id=\"9eee554\" data-element_type=\"widget\" data-widget_type=\"divider.default\">\n\t\t\t\t<div class=\"elementor-widget-container\">\n\t\t\t\t\t<div class=\"elementor-divider\">\n\t\t\t<span class=\"elementor-divider-separator\">\n\t\t\t\t\t\t<\/span>\n\t\t<\/div>\n\t\t\t\t<\/div>\n\t\t\t\t<\/div>\n\t\t\t\t\t<\/div>\n\t\t<\/div>\n\t\t\t\t\t\t\t<\/div>\n\t\t<\/section>\n\t\t\t\t<section class=\"elementor-section elementor-top-section elementor-element elementor-element-ee1e13a elementor-section-boxed elementor-section-height-default elementor-section-height-default\" data-id=\"ee1e13a\" data-element_type=\"section\">\n\t\t\t\t\t\t<div class=\"elementor-container elementor-column-gap-default\">\n\t\t\t\t\t<div class=\"elementor-column elementor-col-50 elementor-top-column elementor-element elementor-element-a55b5ab column-style-top\" data-id=\"a55b5ab\" data-element_type=\"column\">\n\t\t\t<div class=\"elementor-widget-wrap elementor-element-populated\">\n\t\t\t\t\t\t\t\t<div class=\"elementor-element elementor-element-ee587cf elementor-widget elementor-widget-heading\" data-id=\"ee587cf\" data-element_type=\"widget\" data-widget_type=\"heading.default\">\n\t\t\t\t<div class=\"elementor-widget-container\">\n\t\t\t<h2 class=\"elementor-heading-title elementor-size-default\">\nM\u00f3nica - III Edici\u00f3n\n<\/h2>\t\t<\/div>\n\t\t\t\t<\/div>\n\t\t\t\t<div class=\"elementor-element elementor-element-4aeafe4 elementor-widget elementor-widget-image\" data-id=\"4aeafe4\" data-element_type=\"widget\" data-widget_type=\"image.default\">\n\t\t\t\t<div class=\"elementor-widget-container\">\n\t\t\t\t\t\t\t\t\t\t\t\t\t\t\t<img loading=\"lazy\" decoding=\"async\" width=\"432\" height=\"432\" src=\"http:\/\/decoloso.ual.es\/wp-content\/uploads\/2022\/02\/experiencia-15.jpg\" class=\"attachment-large size-large\" alt=\"\" \/>\t\t\t\t\t\t\t\t\t\t\t\t\t\t\t<\/div>\n\t\t\t\t<\/div>\n\t\t\t\t\t<\/div>\n\t\t<\/div>\n\t\t\t\t<div class=\"elementor-column elementor-col-50 elementor-top-column elementor-element elementor-element-cc2aa94 column-style-top\" data-id=\"cc2aa94\" data-element_type=\"column\">\n\t\t\t<div class=\"elementor-widget-wrap elementor-element-populated\">\n\t\t\t\t\t\t\t\t<div class=\"elementor-element elementor-element-8d0e103 elementor-widget elementor-widget-text-editor\" data-id=\"8d0e103\" data-element_type=\"widget\" data-widget_type=\"text-editor.default\">\n\t\t\t\t<div class=\"elementor-widget-container\">\n\t\t\t\t\t\t\t<p style=\"text-align: justify;\">Soy Tecn\u00f3loga en Manejo y Conservaci\u00f3n de Suelos y Aguas e Ingeniera Ambiental. Durante 9 a\u00f1os estuve vinculada en procesos relacionados con la gesti\u00f3n ambiental urbana en el municipio de Santiago de Cali \u2013 Colombia, en temas como la implementaci\u00f3n de programas educativos para la prevenci\u00f3n y reducci\u00f3n del tr\u00e1fico de fauna silvestre y fomento de la valoraci\u00f3n de la biodiversidad nacional. De igual manera, como funcionaria de la Administraci\u00f3n Municipal, en el Departamento Administrativo de Gesti\u00f3n de Medio Ambiente \u2013 DAGMA (m\u00e1xima autoridad ambiental del municipio de Cali), trabaj\u00e9 en los procesos de control y seguimiento a las fuentes generadoras de impacto ambiental, como t\u00e9cnica operativa durante 4 a\u00f1os y durante 5 a\u00f1os como jefe de grupo, liderando los procesos de Gesti\u00f3n de la Calidad Ac\u00fastica Ambiental en la zona urbana del municipio de Cali.<\/p><p style=\"text-align: justify;\">Aunque en el a\u00f1o 2017 estaba en uno de los mejores momentos de mi carrera profesional, sent\u00eda la necesidad de continuar con mi proceso de formaci\u00f3n y cualificaci\u00f3n, adem\u00e1s de querer ampliar mi perspectiva al \u00e1mbito internacional, por lo cual decid\u00ed que cursar\u00eda mis estudios de postgrado fuera de Colombia, considerando todos los beneficios que en lo personal y profesional podr\u00eda obtener. Hoy como titulada del M\u00e1ster en Desarrollo y Codesarrollo Local Sostenible, con satisfacci\u00f3n puedo asegurar que fue una decisi\u00f3n acertada. Gracias a una beca otorgada por la Asociaci\u00f3n Universitaria Iberoamericana de Postgrado (AUIP) y a la Universidad de Almer\u00eda, pude tener la valiosa oportunidad de cursar este master, que contribuy\u00f3 a la mejora de mis competencias profesionales y permiti\u00f3 ampliar mis conocimientos en relaci\u00f3n con el an\u00e1lisis de problem\u00e1ticas sociales \u2013 locales, as\u00ed como en la gesti\u00f3n e implementaci\u00f3n de procesos orientados hacia el desarrollo sostenible de poblaciones.<\/p><p style=\"text-align: justify;\">Este proceso formativo se hizo m\u00e1s enriquecedor gracias a la beca que obtuve por parte del Campus de Excelencia Internacional en Agroalimentaci\u00f3n ceiA3, para la realizaci\u00f3n de mi Trabajo Fin de M\u00e1ster (TFM) en la Agencia de Medio Ambiente y Agua de Andaluc\u00eda (AMAyA). Cabe resaltar que esta beca no hubiera sido posible sin el apoyo del coordinador del m\u00e1ster, quien personalmente me colabor\u00f3 con todas las gestiones que fueron necesarias para presentarme a la convocatoria. Ese entre muchos otros, es un aspecto muy positivo del m\u00e1ster; la orientaci\u00f3n y acompa\u00f1amiento permanente por parte de la coordinaci\u00f3n y docentes, que facilitan la adaptaci\u00f3n a la metodolog\u00eda de ense\u00f1anza, la consecuci\u00f3n de becas y\/o pr\u00e1cticas en empresas o entidades p\u00fablicas del \u00e1mbito local, adem\u00e1s de la constante motivaci\u00f3n para implicarse en la investigaci\u00f3n, aportando las herramientas necesarias para ello.<\/p><p style=\"text-align: justify;\">Durante los 4 meses de realizaci\u00f3n de mi pr\u00e1ctica en AMAyA, tuve la posibilidad de apoyar al equipo t\u00e9cnico en el ajuste y puesta en marcha de un Plan de Gesti\u00f3n Integral (PGI) de una importante sierra de la provincia de Almer\u00eda y gracias a los conocimientos adquiridos de diferentes asignaturas, cont\u00e9 con las herramientas necesarias para desarrollar diagn\u00f3sticos estrat\u00e9gicos participativos, aplicaci\u00f3n de m\u00e9todos de recolecci\u00f3n de datos, matrices de resultados y definici\u00f3n de acciones de mejora a implementar. Sin duda, la aplicaci\u00f3n de las competencias adquiridas a lo largo del proceso de formaci\u00f3n del m\u00e1ster, permiti\u00f3 obtener resultados muy satisfactorios tanto para la empresa como para m\u00ed en lo profesional.<\/p><p style=\"text-align: justify;\">Como resultado de la buena y bonita experiencia del m\u00e1ster, que me dio adem\u00e1s la posibilidad de interactuar con personas de diferentes pa\u00edses (algo que hace a\u00fan m\u00e1s interesante el proceso) y al conocer de primera mano la calidad y profesionalismo de docentes con amplia experiencia sobre las tem\u00e1ticas, me motive a continuar con los estudios de doctorado de la misma facultad (Ciencias Econ\u00f3micas y Empresariales) y estoy convencida que es el mejor camino para seguir avanzando en mi proceso de cualificaci\u00f3n profesional y crecimiento personal.<\/p>\t\t\t\t\t\t<\/div>\n\t\t\t\t<\/div>\n\t\t\t\t\t<\/div>\n\t\t<\/div>\n\t\t\t\t\t\t\t<\/div>\n\t\t<\/section>\n\t\t\t\t<section class=\"elementor-section elementor-top-section elementor-element elementor-element-0d8c4e9 elementor-section-boxed elementor-section-height-default elementor-section-height-default\" data-id=\"0d8c4e9\" data-element_type=\"section\">\n\t\t\t\t\t\t<div class=\"elementor-container elementor-column-gap-default\">\n\t\t\t\t\t<div class=\"elementor-column elementor-col-100 elementor-top-column elementor-element elementor-element-d7c43cb column-style-top\" data-id=\"d7c43cb\" data-element_type=\"column\">\n\t\t\t<div class=\"elementor-widget-wrap elementor-element-populated\">\n\t\t\t\t\t\t\t\t<div class=\"elementor-element elementor-element-807770a elementor-widget-divider--view-line elementor-widget elementor-widget-divider\" data-id=\"807770a\" data-element_type=\"widget\" data-widget_type=\"divider.default\">\n\t\t\t\t<div class=\"elementor-widget-container\">\n\t\t\t\t\t<div class=\"elementor-divider\">\n\t\t\t<span class=\"elementor-divider-separator\">\n\t\t\t\t\t\t<\/span>\n\t\t<\/div>\n\t\t\t\t<\/div>\n\t\t\t\t<\/div>\n\t\t\t\t\t<\/div>\n\t\t<\/div>\n\t\t\t\t\t\t\t<\/div>\n\t\t<\/section>\n\t\t\t\t<section class=\"elementor-section elementor-top-section elementor-element elementor-element-017e660 elementor-section-boxed elementor-section-height-default elementor-section-height-default\" data-id=\"017e660\" data-element_type=\"section\">\n\t\t\t\t\t\t<div class=\"elementor-container elementor-column-gap-default\">\n\t\t\t\t\t<div class=\"elementor-column elementor-col-50 elementor-top-column elementor-element elementor-element-ddab091 column-style-top\" data-id=\"ddab091\" data-element_type=\"column\">\n\t\t\t<div class=\"elementor-widget-wrap elementor-element-populated\">\n\t\t\t\t\t\t\t\t<div class=\"elementor-element elementor-element-4e9f3f2 elementor-widget elementor-widget-text-editor\" data-id=\"4e9f3f2\" data-element_type=\"widget\" data-widget_type=\"text-editor.default\">\n\t\t\t\t<div class=\"elementor-widget-container\">\n\t\t\t\t\t\t\t<p style=\"text-align: justify;\">Mi nombre es Laura, soy de Almer\u00eda y graduada en Educaci\u00f3n Infantil por la Universidad de Almer\u00eda. Al terminar mis estudios decid\u00ed realizar el M\u00e1ster Oficial en Desarrollo y Codesarrollo Local Sostenible en el curso 2020-2021 ya que me parec\u00eda interesante este \u00e1mbito al tener ra\u00edces en uno de los pueblos de la Comarca del Levante almeriense. El hecho de que al m\u00e1ster puedan acceder personas de distintos \u00e1mbitos y lugares, tanto dentro como fuera de Espa\u00f1a, lo hacen un m\u00e1ster \u00fanico que pone en manifiesto todo aquello que se nos transmite durante el curso.<\/p><p style=\"text-align: justify;\">Los docentes son profesionales que ense\u00f1an con claridad los conocimientos respectivos al desarrollo local, la importancia de la colaboraci\u00f3n y el desarrollo sostenible. Gracias a este m\u00e1ster he podido relacionar dos \u00e1mbitos que me gustan: la educaci\u00f3n y el desarrollo local. Aunque a priori no puedan parecer temas similares, la realidad es que guardan una estrecha relaci\u00f3n en la que ambos dependen el uno del otro, vi\u00e9ndose especialmente en el \u00e1mbito rural. Realic\u00e9 mi Trabajo Final de M\u00e1ster sobre el pueblo del que proviene mi familia, haciendo un an\u00e1lisis municipal general en el que el tema educativo estar\u00eda presente. Posteriormente hice una comunicaci\u00f3n profundizando en esta materia que expuse en la Universidad de Aveiro durante las XXXII Jornadas Hispano-Lusas de Gesti\u00f3n Cient\u00edfica, y he seguido ampliando sobre la educaci\u00f3n mediante el env\u00edo de un art\u00edculo cient\u00edfico del que espero respuesta. Esto ha conseguido que, aunque actualmente no es mi foco central, no descarte seguir investigando acerca de la importancia que guardan estos dos \u00e1mbitos.<\/p><p style=\"text-align: justify;\">En base a mi buena experiencia, recomiendo este m\u00e1ster que, gracias a su organizaci\u00f3n de clases magistrales y pr\u00e1cticas, te permiten una buena organizaci\u00f3n del tiempo fomentando el trabajo en grupo. Adem\u00e1s, tengo que mencionar para acabar que ofrece la semipresencialidad con parte de las sesiones virtuales y tambi\u00e9n permite realizar pr\u00e1cticas en zonas rurales.<\/p>\t\t\t\t\t\t<\/div>\n\t\t\t\t<\/div>\n\t\t\t\t\t<\/div>\n\t\t<\/div>\n\t\t\t\t<div class=\"elementor-column elementor-col-50 elementor-top-column elementor-element elementor-element-83ed622 column-style-top\" data-id=\"83ed622\" data-element_type=\"column\">\n\t\t\t<div class=\"elementor-widget-wrap elementor-element-populated\">\n\t\t\t\t\t\t\t\t<div class=\"elementor-element elementor-element-460d931 elementor-widget elementor-widget-heading\" data-id=\"460d931\" data-element_type=\"widget\" data-widget_type=\"heading.default\">\n\t\t\t\t<div class=\"elementor-widget-container\">\n\t\t\t<h2 class=\"elementor-heading-title elementor-size-default\">Laura  - VI Edici\u00f3n\n<\/h2>\t\t<\/div>\n\t\t\t\t<\/div>\n\t\t\t\t<div class=\"elementor-element elementor-element-437d610 elementor-widget elementor-widget-image\" data-id=\"437d610\" data-element_type=\"widget\" data-widget_type=\"image.default\">\n\t\t\t\t<div class=\"elementor-widget-container\">\n\t\t\t\t\t\t\t\t\t\t\t\t\t\t\t<img loading=\"lazy\" decoding=\"async\" width=\"768\" height=\"1024\" src=\"http:\/\/decoloso.ual.es\/wp-content\/uploads\/2023\/04\/photo_2023-04-25_11-41-50-768x1024.jpg\" class=\"attachment-large size-large\" alt=\"\" \/>\t\t\t\t\t\t\t\t\t\t\t\t\t\t\t<\/div>\n\t\t\t\t<\/div>\n\t\t\t\t\t<\/div>\n\t\t<\/div>\n\t\t\t\t\t\t\t<\/div>\n\t\t<\/section>\n\t\t\t\t\t\t<\/div>\n\t\t\t\t\t<\/div>\n\t\t","protected":false},"excerpt":{"rendered":"<p>Experiencias de antiguos alumnos Carmen &#8211; I Edici\u00f3n La experiencia de pertenecer al m\u00e1ster de Desarrollo y Codesarrollo Local Sostenible fue muy gratificante y super\u00f3 mis expectativas. Mi vida laboral [&hellip;]<\/p>\n","protected":false},"author":1,"featured_media":0,"parent":0,"menu_order":0,"comment_status":"closed","ping_status":"closed","template":"","meta":{"footnotes":""},"class_list":["post-8473","page","type-page","status-publish","hentry"],"_links":{"self":[{"href":"http:\/\/decoloso.ual.es\/index.php?rest_route=\/wp\/v2\/pages\/8473","targetHints":{"allow":["GET"]}}],"collection":[{"href":"http:\/\/decoloso.ual.es\/index.php?rest_route=\/wp\/v2\/pages"}],"about":[{"href":"http:\/\/decoloso.ual.es\/index.php?rest_route=\/wp\/v2\/types\/page"}],"author":[{"embeddable":true,"href":"http:\/\/decoloso.ual.es\/index.php?rest_route=\/wp\/v2\/users\/1"}],"replies":[{"embeddable":true,"href":"http:\/\/decoloso.ual.es\/index.php?rest_route=%2Fwp%2Fv2%2Fcomments&post=8473"}],"version-history":[{"count":22,"href":"http:\/\/decoloso.ual.es\/index.php?rest_route=\/wp\/v2\/pages\/8473\/revisions"}],"predecessor-version":[{"id":8970,"href":"http:\/\/decoloso.ual.es\/index.php?rest_route=\/wp\/v2\/pages\/8473\/revisions\/8970"}],"wp:attachment":[{"href":"http:\/\/decoloso.ual.es\/index.php?rest_route=%2Fwp%2Fv2%2Fmedia&parent=8473"}],"curies":[{"name":"wp","href":"https:\/\/api.w.org\/{rel}","templated":true}]}}